{"id":12349,"date":"2024-04-24T14:32:50","date_gmt":"2024-04-24T11:32:50","guid":{"rendered":"https:\/\/www.agroviva.com.tr\/?page_id=12349"},"modified":"2025-06-27T12:25:05","modified_gmt":"2025-06-27T09:25:05","slug":"bugday-nisastasi","status":"publish","type":"page","link":"https:\/\/www.agroviva.com.tr\/en\/bugday-nisastasi\/","title":{"rendered":"Bu\u011fday Ni\u015fastas\u0131"},"content":{"rendered":"<section class=\"wpb-content-wrapper\"><div class=\"container row_section vc_row_p_30\"><div  class=\"vc_row wpb_row vc_row-fluid vc_column-gap-30 vc_row-69f71c0fe27df048356163\"   style=' text-align:left; z-index:0;'><div class=\"row-container container-fluid\"><div class=\"row-inner\"><div class=\"wpb_column vc_column_container vc_col-sm-12 vc_column_container_69f71c0fe2a01742675565\" style=\"z-index:0\"><div class=\"vc_column-inner\"><div class=\"wpb_wrapper\">\n\t<div class=\"wpb_text_column_1 wpb_text_column wpb_content_element\">\n\t\t<div class=\"wpb_wrapper\" >\n\t\t\t<p><strong>Bu\u011fday ni\u015fastas\u0131<\/strong>, bir\u00e7ok end\u00fcstri ve mutfak uygulamas\u0131nda yayg\u0131n olarak kullan\u0131lan, tamamen do\u011fal bir bile\u015fendir. Temelde karbonhidratlardan olu\u015fan bu \u00fcr\u00fcn, <a href=\"https:\/\/www.agroviva.com.tr\/en\/vital-gluten\/\"><strong>vital gluten<\/strong><\/a> \u00fcretimi s\u0131ras\u0131nda glutenden ayr\u0131\u015fan ni\u015fastan\u0131n kurutulmas\u0131 ile elde edilir. <a href=\"https:\/\/www.agroviva.com.tr\/en\/bugday\/\">Wheat<\/a>\u0131n endosperm k\u0131sm\u0131ndan \u00e7\u0131kar\u0131lan ni\u015fasta, d\u00fcnya \u00e7ap\u0131nda geni\u015f bir kullan\u0131m alan\u0131na sahiptir. \u00d6zellikle do\u011fal ni\u015fasta olarak bilinen bu \u00fcr\u00fcn, \u00e7e\u015fitli end\u00fcstriyel alanlarda farkl\u0131 t\u00fcrleriyle kullan\u0131lmakta ve g\u0131da sekt\u00f6r\u00fcnde vazge\u00e7ilmez bir bile\u015fen haline gelmektedir. Bu\u011fday ni\u015fastas\u0131, g\u0131da \u00fcretiminden tekstil ve farmas\u00f6tik end\u00fcstrilerine kadar pek \u00e7ok alanda \u00f6nemli bir yer tutar.<\/p>\n\n\t\t<\/div> \n\t<\/div> <\/div><\/div><\/div><\/div><\/div><\/div><\/div><div class=\"container row_section vc_row_p_30\"><div  class=\"vc_row wpb_row vc_row-fluid vc_column-gap-30 vc_row-69f71c0fe2c8f446501868\"   style=' text-align:left; z-index:0;'><div class=\"row-container container-fluid\"><div class=\"row-inner\"><div class=\"wpb_column vc_column_container vc_col-sm-12 vc_column_container_69f71c0fe2e07611082394\" style=\"z-index:0\"><div class=\"vc_column-inner\"><div class=\"wpb_wrapper\"><div class=\"vc_custom_heading vc_custom_heading_69f71c0fe2fd7477438424\" ><h2 style=\"text-align: left;font-family:Abril Fatface;font-weight:400;font-style:normal\"><span class=\"hilight\"  >Bu\u011fday Ni\u015fastas\u0131 Nedir?<\/span><\/h2><\/div>\n\t<div class=\"wpb_text_column_2 wpb_text_column wpb_content_element\">\n\t\t<div class=\"wpb_wrapper\" >\n\t\t\t<p>Bu\u011fday ni\u015fastas\u0131, bu\u011fday tanesinin \u00f6\u011f\u00fct\u00fclerek daha sonras\u0131nda hamur olu\u015fturulup devam\u0131nda da bu hamurun suyla y\u0131kanmas\u0131yla ayr\u0131\u015ft\u0131r\u0131lan ve kurutulmas\u0131 ile elde edilen beyaz, kokusuz ve tats\u0131z bir karbonhidrat bile\u015fi\u011fidir. End\u00fcstriyel \u00fcretimi s\u0131ras\u0131nda bu\u011fday taneleri, ni\u015fasta ve di\u011fer bile\u015fenlerden ayr\u0131l\u0131r. Bu s\u00fcre\u00e7, ni\u015fastan\u0131n saf bir toz haline gelmesini sa\u011flar. <strong>Bu\u011fday ni\u015fastas\u0131<\/strong>, mutfakta k\u0131vam art\u0131r\u0131c\u0131, jelatinle\u015ftirici ve ba\u011flay\u0131c\u0131 olarak yayg\u0131n \u015fekilde kullan\u0131l\u0131r. Bunun d\u0131\u015f\u0131nda, <strong>baklaval\u0131k ni\u015fasta<\/strong> gibi farkl\u0131 t\u00fcrleri, \u00f6zellikle tatl\u0131larda ve unlu mamullerde belirli sonu\u00e7lar elde etmek i\u00e7in tercih edilir.<\/p>\n<p>Bu\u011fday ni\u015fastas\u0131n\u0131n bile\u015fimi, amiloz ve amilopektin oranlar\u0131na g\u00f6re de\u011fi\u015fiklik g\u00f6sterebilir. Genellikle, bu\u011fday ni\u015fastas\u0131n\u0131n yakla\u015f\u0131k %25-30&#8217;u amiloz ve %70-75&#8217;i amilopektinden olu\u015fur. Ancak, bu oranlar bu\u011fday\u0131n \u00e7e\u015fidi, yeti\u015ftirilme ko\u015fullar\u0131 ve i\u015fleme y\u00f6ntemlerine ba\u011fl\u0131 olarak farkl\u0131l\u0131k g\u00f6sterebilir.<\/p>\n<p>Bu\u011fday ni\u015fastas\u0131 gran\u00fcllerinin ortalama \u00e7ap\u0131 yakla\u015f\u0131k 10\u201335 mikrometre aras\u0131nda de\u011fi\u015fmektedir. Bu gran\u00fcller, genellikle iki ana tipe ayr\u0131l\u0131r:<\/p>\n<ul>\n<li><strong>A tipi gran\u00fcller<\/strong>: Ortalama \u00e7aplar\u0131 10\u201335 mikrometre aras\u0131nda olup, toplam bu\u011fday ni\u015fastas\u0131 gran\u00fcllerinin yakla\u015f\u0131k %3&#8217;\u00fcn\u00fc olu\u015ftururlar.<\/li>\n<li><strong>B tipi gran\u00fcller<\/strong>: Ortalama \u00e7aplar\u0131 1\u201310 mikrometre aras\u0131nda olup, bu\u011fday ni\u015fastas\u0131 gran\u00fcllerinin b\u00fcy\u00fck bir k\u0131sm\u0131n\u0131 olu\u015ftururlar.<\/li>\n<\/ul>\n<p>Bu gran\u00fcllerin boyutlar\u0131, bu\u011fday\u0131n \u00e7e\u015fidi, yeti\u015ftirilme ko\u015fullar\u0131 ve i\u015fleme y\u00f6ntemlerine ba\u011fl\u0131 olarak farkl\u0131l\u0131k g\u00f6sterebilir.<\/p>\n<p>Bu\u011fday ni\u015fastas\u0131n\u0131n jelle\u015fme derecesi, di\u011fer do\u011fal ni\u015fastalarla kar\u015f\u0131la\u015ft\u0131r\u0131ld\u0131\u011f\u0131nda daha y\u00fcksektir ve genellikle 80-85\u00b0C aras\u0131nda ba\u015flar.<\/p>\n\n\t\t<\/div> \n\t<\/div> <div class=\"vc_custom_heading vc_custom_heading_69f71c0fe32b6874068056\" ><h2 style=\"text-align: left;font-family:Abril Fatface;font-weight:400;font-style:normal\"><span class=\"hilight\"  >Ni\u015fastan\u0131n Faydalar\u0131 Nelerdir?<\/span><\/h2><\/div>\n\t<div class=\"wpb_text_column_3 wpb_text_column wpb_content_element\">\n\t\t<div class=\"wpb_wrapper\" >\n\t\t\t<p>Ni\u015fasta, bitkilerde bulunan en \u00f6nemli karbonhidratlardan biridir ve patates, m\u0131s\u0131r, bu\u011fday ve pirin\u00e7 gibi temel g\u0131dalarda bolca bulunur. Sa\u011fl\u0131kl\u0131 bir beslenme plan\u0131nda \u00f6nemli bir rol oynar ve bir\u00e7ok faydas\u0131 vard\u0131r:<\/p>\n<p><strong>Enerji Kayna\u011f\u0131:<\/strong> Ni\u015fasta, v\u00fccudun ana enerji kaynaklar\u0131ndan biridir ve y\u00fcksek kalorili bir besindir. Sindirim sistemi taraf\u0131ndan glikoza d\u00f6n\u00fc\u015ft\u00fcr\u00fclerek enerjiye \u00e7evrilir.<\/p>\n<p><strong>Sindirim Sistemi Deste\u011fi:<\/strong> Ni\u015fasta, sindirim sisteminde kolayca sindirilir ve v\u00fccudun kullan\u0131labilir enerjiye d\u00f6n\u00fc\u015ft\u00fcrd\u00fc\u011f\u00fc glikoza d\u00f6n\u00fc\u015f\u00fcr.<\/p>\n<p><strong>Ba\u011f\u0131rsak Sa\u011fl\u0131\u011f\u0131:<\/strong> Ni\u015fasta, toksinlerin v\u00fccuttan at\u0131lmas\u0131na yard\u0131mc\u0131 olarak ba\u011f\u0131rsak sa\u011fl\u0131\u011f\u0131n\u0131 korur.<\/p>\n<p><strong>Kilo Kontrol\u00fc:<\/strong> Ni\u015fasta, tokluk hissi verir ve kilo vermeye yard\u0131mc\u0131 olur.<\/p>\n<p><strong>Kolesterol D\u00fc\u015f\u00fcrme:<\/strong> Ni\u015fasta, d\u00fc\u015f\u00fck yo\u011funluklu lipoprotein (LDL) kolesterol\u00fc d\u00fc\u015f\u00fcrmeye yard\u0131mc\u0131 olur.<\/p>\n<p><strong>Kan \u015eekeri D\u00fczenleme:<\/strong> Ni\u015fasta, kan \u015fekerini d\u00fczenleyerek ins\u00fclin direncini \u00f6nlemeye yard\u0131mc\u0131 olur.<\/p>\n<p><strong>Ba\u011f\u0131\u015f\u0131kl\u0131k Sistemi G\u00fc\u00e7lendirme:<\/strong> Ni\u015fasta, ba\u011f\u0131rsak sa\u011fl\u0131\u011f\u0131na faydal\u0131 probiyotik bakterilerin geli\u015fimini destekleyerek ba\u011f\u0131\u015f\u0131kl\u0131k sistemini g\u00fc\u00e7lendirir.<\/p>\n<p>Ni\u015fasta, sa\u011fl\u0131kl\u0131 beslenmenin \u00f6nemli bir par\u00e7as\u0131d\u0131r ve sa\u011fl\u0131k a\u00e7\u0131s\u0131ndan bir\u00e7ok faydas\u0131 vard\u0131r. Bununla birlikte, b\u00fcy\u00fck miktarlarda t\u00fcketmek kilo al\u0131m\u0131na neden olabilir, bu nedenle dengeli beslenme ve uygun porsiyon kontrol\u00fc \u00f6nemlidir.<\/p>\n\n\t\t<\/div> \n\t<\/div> <div class=\"vc_custom_heading vc_custom_heading_69f71c0fe347f143140332\" ><h2 style=\"text-align: left;font-family:Abril Fatface;font-weight:400;font-style:normal\"><span class=\"hilight\"  >Baklaval\u0131k Ni\u015fasta: Tatl\u0131lar\u0131n Vazge\u00e7ilmezi<\/span><\/h2><\/div>\n\t<div class=\"wpb_text_column_4 wpb_text_column wpb_content_element\">\n\t\t<div class=\"wpb_wrapper\" >\n\t\t\t<p><strong>Baklaval\u0131k ni\u015fasta<\/strong>, \u00f6zellikle tatl\u0131lar\u0131n haz\u0131rlanmas\u0131nda kullan\u0131lan \u00f6zel bir ni\u015fasta t\u00fcr\u00fcd\u00fcr. <strong>Baklava<\/strong>, <strong>k\u00fcnefe<\/strong> gibi hamur i\u015flerinde, tatl\u0131n\u0131n k\u0131vam\u0131n\u0131 ve dokusunu m\u00fckemmel hale getirmek i\u00e7in kullan\u0131l\u0131r. Bu t\u00fcr ni\u015fastalar, tatl\u0131ya parlakl\u0131k, elastikiyet ve ince bir doku kazand\u0131r\u0131r. <strong>Baklaval\u0131k ni\u015fasta<\/strong>, daha ince ve p\u00fcr\u00fczs\u00fcz bir yap\u0131ya sahip oldu\u011fundan, \u015ferbetli tatl\u0131larda harika bir sonu\u00e7 verir.<\/p>\n<p>Bu ni\u015fasta, genellikle bu\u011fday ni\u015fastas\u0131ndan elde edilir ancak \u00f6zel i\u015fleme y\u00f6ntemleri ile farkl\u0131 k\u0131vamlar ve yap\u0131lar olu\u015fturulur. Tatl\u0131larda, \u00f6zellikle <strong>yufka a\u00e7ma<\/strong> i\u015flemlerinde kullan\u0131ld\u0131\u011f\u0131nda, hamurun daha ince ve esnek olmas\u0131n\u0131 sa\u011flar.<\/p>\n\n\t\t<\/div> \n\t<\/div> \r\n\t<div class=\"wpb_single_image wpb_single_image_5 wpb_content_element vc_align_left\">\r\n\t\t<div class=\"wpb_wrapper\">\r\n\t\t\t\r\n\t\t\t<div class=\"vc_single_image-wrapper   vc_box_border_grey\"><img loading=\"lazy\" decoding=\"async\" width=\"1001\" height=\"558\" src=\"https:\/\/www.agroviva.com.tr\/wp-content\/uploads\/2025\/02\/dogal-bugday-nisastasi.jpg\" class=\"vc_single_image-img attachment-full\" alt=\"Bu\u011fday ni\u015fastas\u0131, bu\u011fday\u0131n endosperm k\u0131sm\u0131ndan elde edilen do\u011fal bir bile\u015fendir. G\u0131da sekt\u00f6r\u00fcnde, \u00f6zellikle sos, tatl\u0131 ve hamur i\u015flerinde k\u0131vam art\u0131r\u0131c\u0131 ve jelle\u015ftirici olarak kullan\u0131l\u0131r.\" title=\"dogal-bugday-nisastasi\" srcset=\"https:\/\/www.agroviva.com.tr\/wp-content\/uploads\/2025\/02\/dogal-bugday-nisastasi.jpg 1001w, https:\/\/www.agroviva.com.tr\/wp-content\/uploads\/2025\/02\/dogal-bugday-nisastasi-300x167.jpg 300w, https:\/\/www.agroviva.com.tr\/wp-content\/uploads\/2025\/02\/dogal-bugday-nisastasi-768x428.jpg 768w, https:\/\/www.agroviva.com.tr\/wp-content\/uploads\/2025\/02\/dogal-bugday-nisastasi-18x10.jpg 18w, https:\/\/www.agroviva.com.tr\/wp-content\/uploads\/2025\/02\/dogal-bugday-nisastasi-700x390.jpg 700w\" sizes=\"auto, (max-width: 1001px) 100vw, 1001px\" \/><\/div>\r\n\t\t<\/div>\r\n\t<\/div>\r\n<div class=\"vc_custom_heading vc_custom_heading_69f71c0fe3948079162370\" ><h2 style=\"text-align: left;font-family:Abril Fatface;font-weight:400;font-style:normal\"><span class=\"hilight\"  >End\u00fcstriyel Ni\u015fasta: Geni\u015f Kullan\u0131m Alan\u0131<\/span><\/h2><\/div>\n\t<div class=\"wpb_text_column_6 wpb_text_column wpb_content_element\">\n\t\t<div class=\"wpb_wrapper\" >\n\t\t\t<p><strong>End\u00fcstriyel ni\u015fasta<\/strong>, bug\u00fcn yaln\u0131zca g\u0131da sekt\u00f6r\u00fcnde de\u011fil, ayn\u0131 zamanda end\u00fcstriyel alanlarda da \u00f6nemli bir bile\u015fen haline gelmi\u015ftir. Tekstil, ka\u011f\u0131t, kimya, kozmetik ve ila\u00e7 end\u00fcstrilerinde, koyula\u015ft\u0131r\u0131c\u0131, dengeleyici, k\u0131vam art\u0131r\u0131c\u0131, ba\u011flay\u0131c\u0131, jelle\u015ftirici ve yap\u0131\u015ft\u0131r\u0131c\u0131 olarak yayg\u0131n bir \u015fekilde kullan\u0131lmaktad\u0131r. <strong>End\u00fcstriyel ni\u015fasta<\/strong>, \u00f6zellikle b\u00fcy\u00fck \u00fcretim tesislerinde, g\u0131da \u00fcretiminde y\u00fcksek verimlilik sa\u011flamak i\u00e7in de kullan\u0131l\u0131r.<\/p>\n<p>G\u0131da sekt\u00f6r\u00fcnde <strong>end\u00fcstriyel ni\u015fasta<\/strong>, \u00f6zellikle soslar, \u00e7orbalar, \u015fekerlemeler ve dondurmalarda k\u0131vam art\u0131r\u0131c\u0131 olarak vazge\u00e7ilmezdir. End\u00fcstriyel ni\u015fasta, b\u00fcy\u00fck \u00fcretimlerde, \u00fcr\u00fcnlerin daha kolay i\u015flenmesi ve uzun s\u00fcre dayan\u0131kl\u0131 olmas\u0131na yard\u0131mc\u0131 olur. Bu ni\u015fasta t\u00fcr\u00fc, ayn\u0131 zamanda <strong>g\u0131da katk\u0131 maddeleri<\/strong> \u00fcretiminde de kullan\u0131l\u0131r.<\/p>\n<p><strong>Bu\u011fday Ni\u015fastas\u0131 Kullan\u0131m Alanlar\u0131<\/strong><\/p>\n<ol>\n<li><strong> G\u0131da End\u00fcstrisi:<br \/>\n<\/strong>Bu\u011fday ni\u015fastas\u0131, \u015fekerlemeler, kekler, pasta ve bisk\u00fcvi gibi unlu mamullerde kullan\u0131l\u0131r. Ayr\u0131ca, <strong>soslar<\/strong> ve <strong>\u00e7orbalar<\/strong> gibi s\u0131v\u0131 g\u0131dalarda da k\u0131vam art\u0131r\u0131c\u0131 olarak yer al\u0131r. Tatl\u0131larda kullan\u0131lan <strong>bu\u011fday ni\u015fastas\u0131<\/strong>, tatl\u0131n\u0131n k\u0131vam\u0131n\u0131 art\u0131r\u0131rken ayn\u0131 zamanda g\u00f6rsel cazibesini de g\u00fc\u00e7lendirir. Bu\u011fday ni\u015fastas\u0131, \u00e7e\u015fitli g\u0131da \u00fcr\u00fcnlerinin kalitesini ve dokusunu iyile\u015ftirmek i\u00e7in yayg\u0131n olarak kullan\u0131lan do\u011fal bir bile\u015fendir.<\/li>\n<\/ol>\n\n\t\t<\/div> \n\t<\/div> \n\t<div class=\"wpb_text_column_7 wpb_text_column wpb_content_element\">\n\t\t<div class=\"wpb_wrapper\" >\n\t\t\t<p><strong>Kek Kar\u0131\u015f\u0131mlar\u0131:<\/strong> Bu\u011fday ni\u015fastas\u0131, keklerin nem dengesini kontrol ederek nem emilimini ve yap\u0131s\u0131n\u0131 iyile\u015ftirir, b\u00f6ylece daha yumu\u015fak ve nemli bir doku sa\u011flar.<\/p>\n<p><strong>Donut Kar\u0131\u015f\u0131mlar\u0131:<\/strong> Donutlar\u0131n viskozitesini ve ya\u011f emilimini kontrol ederek, daha hafif ve yumu\u015fak bir doku elde edilmesine yard\u0131mc\u0131 olur.<\/p>\n<p><strong>Gofret Hamuru ve Pankek Kar\u0131\u015f\u0131mlar\u0131:<\/strong> Bu\u011fday ni\u015fastas\u0131, hamurun yay\u0131lmas\u0131n\u0131 kontrol ederek, gofretlerin ve pankeklerin istenilen kal\u0131nl\u0131k ve dokuda olmas\u0131n\u0131 sa\u011flar.<\/p>\n<p><strong>Puding ve Di\u011fer Toz Tatl\u0131 Kar\u0131\u015f\u0131mlar\u0131:<\/strong> Pudinglerin ve di\u011fer toz tatl\u0131lar\u0131n yap\u0131s\u0131n\u0131 yumu\u015fatarak, daha p\u00fcr\u00fczs\u00fcz ve kremams\u0131 bir doku elde edilmesine katk\u0131 sa\u011flar.<\/p>\n<p><strong>Konserve \u00dcr\u00fcnler ve Soslar:<\/strong> Bebek mamalar\u0131nda, \u00fcr\u00fcne ideal yumu\u015fakl\u0131k ve p\u00fcr\u00fczs\u00fcz bir doku kazand\u0131r\u0131rken, aromalar\u0131n serbest kalmas\u0131na yard\u0131mc\u0131 olur. B\u00f6ylece, bebekler i\u00e7in sa\u011fl\u0131kl\u0131 ve lezzetli bir besin alternatifi sunar. Salata soslar\u0131 gibi em\u00fclsiyon gerektiren \u00fcr\u00fcnlerde, bu\u011fday ni\u015fastas\u0131 hem yap\u0131sal b\u00fct\u00fcnl\u00fck sa\u011flar hem de em\u00fclsiyonun stabilitesini koruyarak, soslar\u0131n ak\u0131\u015fkan yap\u0131s\u0131n\u0131 iyile\u015ftirir. Ayr\u0131ca, koyula\u015ft\u0131r\u0131lm\u0131\u015f soslar ve \u00e7orbalarda bu\u011fday ni\u015fastas\u0131, \u0131s\u0131n\u0131n h\u0131zl\u0131 bir \u015fekilde yay\u0131lmas\u0131n\u0131 sa\u011flar. Bu sayede yemeklerin daha h\u0131zl\u0131 haz\u0131rlanmas\u0131n\u0131 ve aromalar\u0131n\u0131n dengeli bir \u015fekilde da\u011f\u0131lmas\u0131n\u0131 m\u00fcmk\u00fcn k\u0131lar.<\/p>\n<p>Genel olarak, bu\u011fday ni\u015fastas\u0131 t\u00fcm toz kar\u0131\u015f\u0131mlar\u0131n hacmini art\u0131rarak ak\u0131\u015fkanl\u0131\u011f\u0131n\u0131 iyile\u015ftirir ve hassas kokular\u0131 maskelemeden \u00fcr\u00fcnlerin kalitesini art\u0131r\u0131r.<\/p>\n<ol start=\"2\">\n<li><strong> Kozmetik ve \u0130la\u00e7 Sanayi:<\/strong><br \/>\nBu\u011fday ni\u015fastas\u0131, kozmetik sekt\u00f6r\u00fcnde krem, losyon ve \u015fampuan gibi \u00fcr\u00fcnlerde stabilizat\u00f6r ve k\u0131vam art\u0131r\u0131c\u0131 olarak kullan\u0131l\u0131r. Ayn\u0131 zamanda, ila\u00e7 sanayisinde tablet form\u00fclasyonlar\u0131nda ba\u011flay\u0131c\u0131 madde olarak yer al\u0131r.<\/li>\n<li><strong> End\u00fcstriyel Uygulamalar:<\/strong><br \/>\nEnd\u00fcstriyel ni\u015fasta, tekstil sekt\u00f6r\u00fcnde kuma\u015flar\u0131n i\u015flenmesinde kullan\u0131l\u0131rken, ka\u011f\u0131t \u00fcretiminde de yap\u0131\u015ft\u0131r\u0131c\u0131 olarak g\u00f6rev al\u0131r. Ayr\u0131ca, biyoplastik \u00fcretimi gibi \u00e7evre dostu uygulamalarda da yer al\u0131r.<\/li>\n<\/ol>\n<p><strong>Bu\u011fday ni\u015fastas\u0131<\/strong>, mutfaktan end\u00fcstriye kadar geni\u015f bir kullan\u0131m yelpazesinde yer al\u0131r. Tatl\u0131lar\u0131n m\u00fckemmel dokusunu yarat\u0131rken, <strong>end\u00fcstriyel ni\u015fasta<\/strong> b\u00fcy\u00fck \u00f6l\u00e7ekli \u00fcretimlerde kaliteyi art\u0131r\u0131r.<\/p>\n\n\t\t<\/div> \n\t<\/div> <div class=\"vc_custom_heading vc_custom_heading_69f71c0fe3bc4502414666\" ><h2 style=\"text-align: left;font-family:Abril Fatface;font-weight:400;font-style:normal\"><span class=\"hilight\"  >Bu\u011fday Ni\u015fastas\u0131 Fiyat\u0131<\/span><\/h2><\/div>\n\t<div class=\"wpb_text_column_8 wpb_text_column wpb_content_element\">\n\t\t<div class=\"wpb_wrapper\" >\n\t\t\t<p><strong>Bu\u011fday ni\u015fastas\u0131 fiyat\u0131<\/strong>, kalite, miktar ve kullan\u0131m amac\u0131na g\u00f6re de\u011fi\u015fiklik g\u00f6sterebilir. G\u0131da sekt\u00f6r\u00fcnden end\u00fcstriyel \u00fcretime kadar geni\u015f bir kullan\u0131m yelpazesi sunan bu\u011fday ni\u015fastas\u0131, uygun fiyatlarla y\u00fcksek verim sa\u011flar. Firmam\u0131z, kaliteli bu\u011fday ni\u015fastas\u0131n\u0131 en iyi fiyatlarla temin etmenizi sa\u011flayarak, sekt\u00f6rdeki ihtiya\u00e7lar\u0131n\u0131za uygun \u00e7\u00f6z\u00fcmler sunar. Hem g\u0131da \u00fcreticileri hem de sanayi i\u015fletmeleri i\u00e7in ekonomik ve g\u00fcvenilir bir tercihtir.<\/p>\n<p>Detayl\u0131 bilgi ve fiyat teklifi i\u00e7in <a href=\"https:\/\/www.instagram.com\/agrovivagida\/\" rel=\"nofollow noopener\" target=\"_blank\">sosyal medya<\/a>, <a href=\"https:\/\/www.agroviva.com.tr\/en\/iletisim\/\">ileti\u015fim formunu<\/a> doldurarak ya da telefon arac\u0131l\u0131\u011f\u0131yla bize ula\u015fabilirsiniz.<\/p>\n\n\t\t<\/div> \n\t<\/div> <\/div><\/div><\/div><\/div><\/div><\/div><\/div><div class=\"container row_section vc_row_p_30\"><div  class=\"vc_row wpb_row vc_row-fluid vc_column-gap-30 vc_row-69f71c0fe3e02108929634\"   style=' text-align:left; z-index:0;'><div class=\"row-container container-fluid\"><div class=\"row-inner\"><div class=\"wpb_column vc_column_container vc_col-sm-12 vc_column_container_69f71c0fe3f24557874559\" style=\"z-index:0\"><div class=\"vc_column-inner\"><div class=\"wpb_wrapper\"><div class=\"rdy_button_align center\"  data-animation-class=\"fadeInUp2\"><a href=\"https:\/\/www.agroviva.com.tr\/en\/teklifal\/\" class=\"rdy_button  large amination-outside animate-element dark flat-dimension button-9\" style=\"border-width: 2px!important; border-radius: 1px;-moz-border-radius: 1px;-webkit-border-radius: 1px; \" data-animation-class=\"fadeInUp2\"><span>Bilgi Al<\/span><\/a><\/div><\/div><\/div><\/div><\/div><\/div><\/div><\/div>\n<\/section>","protected":false},"excerpt":{"rendered":"Bu\u011fday ni\u015fastas\u0131, bir\u00e7ok end\u00fcstri ve mutfak uygulamas\u0131nda yayg\u0131n olarak kullan\u0131lan, tamamen do\u011fal bir bile\u015fendir. Temelde karbonhidratlardan olu\u015fan bu \u00fcr\u00fcn, vital gluten \u00fcretimi s\u0131ras\u0131nda glutenden ayr\u0131\u015fan ni\u015fastan\u0131n kurutulmas\u0131 ile elde edilir. [...]","protected":false},"author":1,"featured_media":13351,"parent":0,"menu_order":0,"comment_status":"closed","ping_status":"closed","template":"","meta":{"footnotes":""},"class_list":["post-12349","page","type-page","status-publish","has-post-thumbnail","hentry"],"_links":{"self":[{"href":"https:\/\/www.agroviva.com.tr\/en\/wp-json\/wp\/v2\/pages\/12349","targetHints":{"allow":["GET"]}}],"collection":[{"href":"https:\/\/www.agroviva.com.tr\/en\/wp-json\/wp\/v2\/pages"}],"about":[{"href":"https:\/\/www.agroviva.com.tr\/en\/wp-json\/wp\/v2\/types\/page"}],"author":[{"embeddable":true,"href":"https:\/\/www.agroviva.com.tr\/en\/wp-json\/wp\/v2\/users\/1"}],"replies":[{"embeddable":true,"href":"https:\/\/www.agroviva.com.tr\/en\/wp-json\/wp\/v2\/comments?post=12349"}],"version-history":[{"count":12,"href":"https:\/\/www.agroviva.com.tr\/en\/wp-json\/wp\/v2\/pages\/12349\/revisions"}],"predecessor-version":[{"id":13460,"href":"https:\/\/www.agroviva.com.tr\/en\/wp-json\/wp\/v2\/pages\/12349\/revisions\/13460"}],"wp:featuredmedia":[{"embeddable":true,"href":"https:\/\/www.agroviva.com.tr\/en\/wp-json\/wp\/v2\/media\/13351"}],"wp:attachment":[{"href":"https:\/\/www.agroviva.com.tr\/en\/wp-json\/wp\/v2\/media?parent=12349"}],"curies":[{"name":"wp","href":"https:\/\/api.w.org\/{rel}","templated":true}]}}