{"id":12474,"date":"2024-04-25T09:38:58","date_gmt":"2024-04-25T06:38:58","guid":{"rendered":"https:\/\/www.agroviva.com.tr\/?page_id=12474"},"modified":"2025-02-03T14:51:54","modified_gmt":"2025-02-03T11:51:54","slug":"yaglik-aycicegi","status":"publish","type":"page","link":"https:\/\/www.agroviva.com.tr\/en\/yaglik-aycicegi\/","title":{"rendered":"Ya\u011fl\u0131k Ay\u00e7i\u00e7e\u011fi"},"content":{"rendered":"<section class=\"wpb-content-wrapper\"><div class=\"container row_section vc_row_p_30\"><div  class=\"vc_row wpb_row vc_row-fluid vc_column-gap-30 vc_row-69f71614f1967179667407\"   style=' text-align:left; z-index:0;'><div class=\"row-container container-fluid\"><div class=\"row-inner\"><div class=\"wpb_column vc_column_container vc_col-sm-12 vc_column_container_69f71614f1d6c794144539\" style=\"z-index:0\"><div class=\"vc_column-inner\"><div class=\"wpb_wrapper\">\n\t<div class=\"wpb_text_column_1 wpb_text_column wpb_content_element\">\n\t\t<div class=\"wpb_wrapper\" >\n\t\t\t\n\t\t<\/div> \n\t<\/div> \n\t<div class=\"wpb_text_column_2 wpb_text_column wpb_content_element\">\n\t\t<div class=\"wpb_wrapper\" >\n\t\t\t<p><strong>Ya\u011fl\u0131k ay\u00e7i\u00e7e\u011fi<\/strong> geni\u015f kullan\u0131m yelpazesine sahip olu\u015fuyla, \u00fclkemizdeki yayg\u0131n \u00fcretimiyle s\u0131kl\u0131kla tercih edilen tek y\u0131ll\u0131k k\u0131ymetli bir ya\u011f bitkisidir. \u00d6zellikle ya\u011f \u00fcretimi i\u00e7in yeti\u015ftirilen bitki %38-50 oran\u0131nda ya\u011f ve %20 oran\u0131nda protein i\u00e7erir, hayvan yemi, at\u0131\u015ft\u0131rmal\u0131k ve kuruyemi\u015f ve \u00e7e\u015fitli end\u00fcstriyel kullan\u0131mlarda \u00f6ne \u00e7\u0131kar. \u00c7ok y\u00f6nl\u00fc do\u011fas\u0131 nedeniyle tar\u0131m sekt\u00f6r\u00fcnde \u00f6nemli bir yeri bulunmaktad\u0131r.<\/p>\n\n\t\t<\/div> \n\t<\/div> \n\t<div class=\"wpb_text_column_3 wpb_text_column wpb_content_element\">\n\t\t<div class=\"wpb_wrapper\" >\n\t\t\t\n\t\t<\/div> \n\t<\/div> <div class=\"vc_custom_heading vc_custom_heading_69f71614f238a904925745\" ><h2 style=\"text-align: left;font-family:Abril Fatface;font-weight:400;font-style:normal\"><span class=\"hilight\"  >Ay\u00e7i\u00e7e\u011fi Nas\u0131l \u00dcretilir?<\/span><\/h2><\/div>\n\t<div class=\"wpb_text_column_4 wpb_text_column wpb_content_element\">\n\t\t<div class=\"wpb_wrapper\" >\n\t\t\t<p>\u00d6zellikle Trakya yani Marmara b\u00f6lgesinde ekimi yap\u0131lan ya\u011fl\u0131k ay\u00e7i\u00e7e\u011fi yem, ya\u011f ve ba\u015fka bir\u00e7ok yan \u00fcr\u00fcn elde etmek i\u00e7in yeti\u015ftirilen \u00f6nemli bir bitkidir. Kaliteli tohumlar\u0131n se\u00e7imiyle ba\u015flayan uzun yolculuk, genellikle ilkbahar aylar\u0131nda ba\u015flar. Uygun derinlikteki topra\u011fa ekilen tohumlar sonras\u0131nda da d\u00fczenli bak\u0131m ister. Yabanc\u0131 ot kontrol\u00fc, g\u00fcbreleme gibi pek \u00e7ok i\u015flem \u00fcr\u00fcn kalitesini art\u0131rmak i\u00e7in \u00e7ok kritiktir. Olgunla\u015ft\u0131\u011f\u0131nda sararan yapraklar\u0131yla hasat zaman\u0131n\u0131 haber veren ay\u00e7i\u00e7ekleri s\u0131cak mevsim ko\u015fullar\u0131nda iyice kuruduktan sonra hasat edilir ve <strong>ay \u00e7ekirde\u011fi<\/strong>, ay \u00e7i\u00e7ek ya\u011f\u0131, yem ve \u00e7e\u015fitli \u00fcr\u00fcnlerin \u00fcretimi i\u00e7in haz\u0131r hale gelir.<\/p>\n\n\t\t<\/div> \n\t<\/div> \n\t<div class=\"wpb_text_column_5 wpb_text_column wpb_content_element\">\n\t\t<div class=\"wpb_wrapper\" >\n\t\t\t\n\t\t<\/div> \n\t<\/div> <div class=\"vc_custom_heading vc_custom_heading_69f71614f2881965001828\" ><h2 style=\"text-align: left;font-family:Abril Fatface;font-weight:400;font-style:normal\"><span class=\"hilight\"  >Ya\u011fl\u0131k Ay\u00e7i\u00e7e\u011fi Besin De\u011ferleri<\/span><\/h2><\/div>\n\t<div class=\"wpb_text_column_6 wpb_text_column wpb_content_element\">\n\t\t<div class=\"wpb_wrapper\" >\n\t\t\t<p>Besleyici tohumlara sahip ay\u00e7i\u00e7e\u011finin besin de\u011ferleri \u00e7e\u015fitli fakt\u00f6rlere g\u00f6re de\u011fi\u015fkenlik g\u00f6sterebilir. 100 graml\u0131k tipik bir ay\u00e7i\u00e7e\u011finin besin de\u011ferleri yakla\u015f\u0131k olarak a\u015fa\u011f\u0131daki gibidir;<\/p>\n<ul>\n<li>Enerji: Yakla\u015f\u0131k 584 kcal<\/li>\n<li>Protein: Yakla\u015f\u0131k 20,8 gram<\/li>\n<li>Ya\u011f: Yakla\u015f\u0131k 51,5 gram<\/li>\n<li>Karbonhidrat: Yakla\u015f\u0131k 20 gram<\/li>\n<li>Lif: Yakla\u015f\u0131k 8,6 gram<\/li>\n<li>\u015eeker: Yakla\u015f\u0131k 2,6 gram<\/li>\n<li>Kalsiyum: Yakla\u015f\u0131k 78 mg<\/li>\n<li>Demir: Yakla\u015f\u0131k 5,25 mg<\/li>\n<li>Magnezyum: Yakla\u015f\u0131k 325 mg<\/li>\n<li>Fosfor: Yakla\u015f\u0131k 660 mg<\/li>\n<li>Potasyum: Yakla\u015f\u0131k 645 mg<\/li>\n<li>Sodyum: Yakla\u015f\u0131k 9 mg<\/li>\n<li>\u00c7inko: Yakla\u015f\u0131k 5 mg<\/li>\n<li>Bak\u0131r: Yakla\u015f\u0131k 1,8 mg<\/li>\n<li>Manganez: Yakla\u015f\u0131k 1,5 mg<\/li>\n<li>Selenyum: Yakla\u015f\u0131k 53 \u00b5g<\/li>\n<li>A Vitamini: Yakla\u015f\u0131k 1 IU<\/li>\n<li>C Vitamini: Yakla\u015f\u0131k 1,4 mg<\/li>\n<li>Kolesterol: Yakla\u015f\u0131k 0 mg<\/li>\n<\/ul>\n<p>\u00d6zellikle ya\u011f ve protein bak\u0131m\u0131ndan zengin olan ay\u00e7i\u00e7e\u011fi sa\u011fl\u0131kl\u0131 beslenmenin de \u00f6nemli bir par\u00e7as\u0131d\u0131r.<\/p>\n\n\t\t<\/div> \n\t<\/div> \n\t<div class=\"wpb_text_column_7 wpb_text_column wpb_content_element\">\n\t\t<div class=\"wpb_wrapper\" >\n\t\t\t\n\t\t<\/div> \n\t<\/div> \r\n\t<div class=\"wpb_single_image wpb_single_image_8 wpb_content_element vc_align_center\">\r\n\t\t<div class=\"wpb_wrapper\">\r\n\t\t\t\r\n\t\t\t<div class=\"vc_single_image-wrapper   vc_box_border_grey\"><img loading=\"lazy\" decoding=\"async\" width=\"701\" height=\"386\" src=\"https:\/\/www.agroviva.com.tr\/wp-content\/uploads\/2025\/02\/yaglik-aycicegi-.jpg\" class=\"vc_single_image-img attachment-full\" alt=\"Ya\u011fl\u0131k ay\u00e7i\u00e7e\u011fi, d\u00fcnya genelinde bitkisel ya\u011f \u00fcretiminde en \u00e7ok tercih edilen hammaddelerden biridir. Y\u00fcksek ya\u011f verimiyle \u00f6ne \u00e7\u0131kar\" title=\"yaglik-aycicegi-\" srcset=\"https:\/\/www.agroviva.com.tr\/wp-content\/uploads\/2025\/02\/yaglik-aycicegi-.jpg 701w, https:\/\/www.agroviva.com.tr\/wp-content\/uploads\/2025\/02\/yaglik-aycicegi--300x165.jpg 300w, https:\/\/www.agroviva.com.tr\/wp-content\/uploads\/2025\/02\/yaglik-aycicegi--18x10.jpg 18w\" sizes=\"auto, (max-width: 701px) 100vw, 701px\" \/><\/div>\r\n\t\t<\/div>\r\n\t<\/div>\r\n<div class=\"vc_custom_heading vc_custom_heading_69f71614f324f463685803\" ><h2 style=\"text-align: left;font-family:Abril Fatface;font-weight:400;font-style:normal\"><span class=\"hilight\"  >Ya\u011fl\u0131k Ay\u00e7i\u00e7e\u011fi Kullan\u0131m Alanlar\u0131<\/span><\/h2><\/div>\n\t<div class=\"wpb_text_column_9 wpb_text_column wpb_content_element\">\n\t\t<div class=\"wpb_wrapper\" >\n\t\t\t<p>\u00dclkemizde ya\u011fl\u0131k ay\u00e7i\u00e7e\u011fi ekim alan\u0131 yakla\u015f\u0131k olarak 500-600.000 hektar kadard\u0131r. Bu alan yakla\u015f\u0131k olarak iklim \u015fartlar\u0131na g\u00f6re de\u011fi\u015fiklik g\u00f6sterse de 500.000-800.000 tonluk bir \u00fcretime kar\u015f\u0131l\u0131k gelmektedir. Hasat edilen ay\u00e7i\u00e7e\u011fi tohumlar\u0131 \u015fu kullan\u0131m alanlar\u0131nda de\u011ferlendirilmektedir;<\/p>\n<ul>\n<li>Tohumlar\u0131ndan \u00fcretilen ya\u011f mutfaklarda pi\u015firme ya\u011f\u0131 olarak kullan\u0131l\u0131r.<\/li>\n<li>K\u0131zartma, pi\u015firme, salata sosu gibi pek \u00e7ok yemekte s\u0131kl\u0131kla kullan\u0131l\u0131r.<\/li>\n<li>Ay\u00e7i\u00e7e\u011fi tohumlar\u0131 <strong>ay \u00e7ekirde\u011fi<\/strong> olarak at\u0131\u015ft\u0131rmal\u0131k \u015feklinde t\u00fcketilir.<\/li>\n<li>Ay\u00e7i\u00e7ek ya\u011f\u0131 sabun, kozmetik \u00fcr\u00fcnleri ve di\u011fer end\u00fcstriyel \u00fcr\u00fcnlerin yap\u0131m\u0131nda kullan\u0131l\u0131r.<\/li>\n<li>\u00d6zellikle kanatl\u0131 hayvanlar i\u00e7in ideal yem bile\u015fenlerinden biridir.<\/li>\n<li>Ay\u00e7i\u00e7e\u011fi tohumlar\u0131ndan elde edilen <a href=\"https:\/\/www.agroviva.com.tr\/en\/aycicegi-kuspesi\/\">ay\u00e7i\u00e7e\u011fi k\u00fcspesi<\/a>, hayvan yemi rasyonlar\u0131nda kullan\u0131l\u0131r.<\/li>\n<li>Ay\u00e7i\u00e7e\u011fi tohumlar\u0131ndan elde ya\u011f, biyodizel yak\u0131t\u0131 bile\u015fenlerinde kullan\u0131l\u0131r.<\/li>\n<li>Ezilen ay\u00e7i\u00e7e\u011fi tohumlar\u0131 ekmek, kraker, bar gibi \u00fcr\u00fcnlerde yer al\u0131r.<\/li>\n<li>Vernik ve boya end\u00fcstrisinde \u00e7\u00f6z\u00fcc\u00fc olarak kullan\u0131labilir.<\/li>\n<\/ul>\n\n\t\t<\/div> \n\t<\/div> \n\t<div class=\"wpb_text_column_10 wpb_text_column wpb_content_element\">\n\t\t<div class=\"wpb_wrapper\" >\n\t\t\t\n\t\t<\/div> \n\t<\/div> <div class=\"vc_custom_heading vc_custom_heading_69f71614f360f294773009\" ><h2 style=\"text-align: left;font-family:Abril Fatface;font-weight:400;font-style:normal\"><span class=\"hilight\"  >G\u0131da Sekt\u00f6r\u00fcnde Ay\u00e7i\u00e7e\u011finin Yeri<\/span><\/h2><\/div>\n\t<div class=\"wpb_text_column_11 wpb_text_column wpb_content_element\">\n\t\t<div class=\"wpb_wrapper\" >\n\t\t\t<ul>\n<li>Pi\u015firme ya\u011f\u0131<\/li>\n<li>K\u0131zartma ya\u011f\u0131<\/li>\n<li>Salata sosu ve mayonez yap\u0131m\u0131<\/li>\n<li>Hamur i\u015fleri ve unlu mamuller<\/li>\n<li>At\u0131\u015ft\u0131rmal\u0131klar ve kuruyemi\u015fler<\/li>\n<li>Granola ve m\u00fcsli<\/li>\n<li>Enerji barlar\u0131 ve sa\u011fl\u0131kl\u0131 at\u0131\u015ft\u0131rmal\u0131klar<\/li>\n<li>Ay \u00e7ekirde\u011fi<\/li>\n<\/ul>\n<p>Mutfaktaki kullan\u0131m\u0131n\u0131n yan\u0131 s\u0131ra \u00f6zellikle ay \u00e7ekirde\u011fi \u00fcretimi de yayg\u0131nd\u0131r. <strong>Ay \u00e7ekirde\u011fi fiyatlar\u0131<\/strong> piyasa ko\u015fullar\u0131na ve \u00fcretim s\u00fcrecine g\u00f6re farkl\u0131la\u015fmaktad\u0131r.<\/p>\n\n\t\t<\/div> \n\t<\/div> \n\t<div class=\"wpb_text_column_12 wpb_text_column wpb_content_element\">\n\t\t<div class=\"wpb_wrapper\" >\n\t\t\t\n\t\t<\/div> \n\t<\/div> <div class=\"vc_custom_heading vc_custom_heading_69f71614f398b303608145\" ><h2 style=\"text-align: left;font-family:Abril Fatface;font-weight:400;font-style:normal\"><span class=\"hilight\"  >Yem Sekt\u00f6r\u00fcnde Ay\u00e7i\u00e7e\u011finin Kullan\u0131m Alan\u0131<\/span><\/h2><\/div>\n\t<div class=\"wpb_text_column_13 wpb_text_column wpb_content_element\">\n\t\t<div class=\"wpb_wrapper\" >\n\t\t\t<p>Bir\u00e7ok hayvan i\u00e7in \u00f6nemli bir besin kayna\u011f\u0131 olan ay\u00e7i\u00e7e\u011finin k\u00fcspesi gibi yan \u00fcr\u00fcnleri de yem rasyonlar\u0131nda de\u011ferlendirilmektedir. Yem i\u00e7eri\u011fi olarak t\u00fcketildi\u011finde hayvanlara sa\u011flad\u0131\u011f\u0131 faydalar \u015fu \u015fekildedir:<\/p>\n<ul>\n<li>Y\u00fcksek protein i\u00e7eri\u011fi ile besleyici \u00f6zelliktedir. \u00d6zellikle kanatl\u0131 hayvanlar ve s\u0131\u011f\u0131rlar i\u00e7in \u00f6nemli bir besin kayna\u011f\u0131d\u0131r.<\/li>\n<li>Y\u00fcksek enerji i\u00e7eri\u011fiyle enerji ihtiyac\u0131n\u0131 kar\u015f\u0131lamalar\u0131na yard\u0131mc\u0131 olur.<\/li>\n<li>Metabolizmay\u0131 destekleyerek sindirim sa\u011fl\u0131\u011f\u0131n\u0131 korur.<\/li>\n<li>Hayvanlar\u0131n sa\u011fl\u0131kl\u0131 ya\u011f asitleri almas\u0131n\u0131 sa\u011flar. \u00d6zellikle omega-6 ya\u011f asitleri bak\u0131m\u0131ndan zengin olan ay \u00e7i\u00e7e\u011finin ya\u011f\u0131, hayvanlarda t\u00fcy ve deri sa\u011fl\u0131\u011f\u0131n\u0131 destekler.<\/li>\n<li>\u00dcretim s\u00fcrecinde ortaya \u00e7\u0131kan yan \u00fcr\u00fcn ay\u00e7i\u00e7e\u011fi k\u00fcspesi, lif bak\u0131m\u0131ndan \u00e7ok zengindir ve hayvanlar\u0131n sindirim sa\u011fl\u0131\u011f\u0131n\u0131 destekler.<\/li>\n<li>Ay\u00e7i\u00e7e\u011fi tohumlar\u0131 lezzeti ve ho\u015f kokusuyla da hayvan yemlerini daha cazip hale getirir.<\/li>\n<\/ul>\n<p>Ay\u00e7i\u00e7e\u011fi fiyatlar\u0131 bir dizi fakt\u00f6re g\u00f6re de\u011fi\u015fkenlik g\u00f6sterir<strong>. Ay \u00e7ekirde\u011fi fiyat<\/strong> de\u011fi\u015fkenleri de ay\u00e7i\u00e7e\u011fi fiyatlar\u0131na paralel \u015fekilde de\u011fi\u015fir.<\/p>\n<p>Daha fazla bilgi edinmek ve do\u011fru ham madde se\u00e7imi konusunda bilin\u00e7li kararlar vermek i\u00e7in <a href=\"https:\/\/www.agroviva.com.tr\/en\/iletisim\/\">ileti\u015fim formu<\/a>, <a href=\"https:\/\/www.instagram.com\/agrovivagida\/\" rel=\"nofollow noopener\" target=\"_blank\">sosyal medya<\/a> kanallar\u0131 ya da telefon ile bizimle ileti\u015fime ge\u00e7ebilirsiniz.<\/p>\n\n\t\t<\/div> \n\t<\/div> \n\t<div class=\"wpb_text_column_14 wpb_text_column wpb_content_element\">\n\t\t<div class=\"wpb_wrapper\" >\n\t\t\t\n\t\t<\/div> \n\t<\/div> <\/div><\/div><\/div><\/div><\/div><\/div><\/div><div class=\"container row_section vc_row_p_30\"><div  class=\"vc_row wpb_row vc_row-fluid vc_column-gap-30 vc_row-69f71614f3e96790332103\"   style=' text-align:left; z-index:0;'><div class=\"row-container container-fluid\"><div class=\"row-inner\"><div class=\"wpb_column vc_column_container vc_col-sm-12 vc_column_container_69f71614f409a048029152\" style=\"z-index:0\"><div class=\"vc_column-inner\"><div class=\"wpb_wrapper\"><div class=\"rdy_button_align center\"  data-animation-class=\"fadeInUp2\"><a href=\"https:\/\/www.agroviva.com.tr\/en\/teklifal\/\" class=\"rdy_button  large amination-outside animate-element dark flat-dimension button-15\" style=\"border-width: 2px!important; border-radius: 1px;-moz-border-radius: 1px;-webkit-border-radius: 1px; \" data-animation-class=\"fadeInUp2\"><span>Bilgi Al<\/span><\/a><\/div><\/div><\/div><\/div><\/div><\/div><\/div><\/div>\n<\/section>","protected":false},"excerpt":{"rendered":"Ya\u011fl\u0131k ay\u00e7i\u00e7e\u011fi geni\u015f kullan\u0131m yelpazesine sahip olu\u015fuyla, \u00fclkemizdeki yayg\u0131n \u00fcretimiyle s\u0131kl\u0131kla tercih edilen tek y\u0131ll\u0131k k\u0131ymetli bir ya\u011f bitkisidir. \u00d6zellikle ya\u011f \u00fcretimi i\u00e7in yeti\u015ftirilen bitki %38-50 oran\u0131nda ya\u011f ve %20 [...]","protected":false},"author":1,"featured_media":13286,"parent":0,"menu_order":0,"comment_status":"closed","ping_status":"closed","template":"","meta":{"footnotes":""},"class_list":["post-12474","page","type-page","status-publish","has-post-thumbnail","hentry"],"_links":{"self":[{"href":"https:\/\/www.agroviva.com.tr\/en\/wp-json\/wp\/v2\/pages\/12474","targetHints":{"allow":["GET"]}}],"collection":[{"href":"https:\/\/www.agroviva.com.tr\/en\/wp-json\/wp\/v2\/pages"}],"about":[{"href":"https:\/\/www.agroviva.com.tr\/en\/wp-json\/wp\/v2\/types\/page"}],"author":[{"embeddable":true,"href":"https:\/\/www.agroviva.com.tr\/en\/wp-json\/wp\/v2\/users\/1"}],"replies":[{"embeddable":true,"href":"https:\/\/www.agroviva.com.tr\/en\/wp-json\/wp\/v2\/comments?post=12474"}],"version-history":[{"count":8,"href":"https:\/\/www.agroviva.com.tr\/en\/wp-json\/wp\/v2\/pages\/12474\/revisions"}],"predecessor-version":[{"id":13479,"href":"https:\/\/www.agroviva.com.tr\/en\/wp-json\/wp\/v2\/pages\/12474\/revisions\/13479"}],"wp:featuredmedia":[{"embeddable":true,"href":"https:\/\/www.agroviva.com.tr\/en\/wp-json\/wp\/v2\/media\/13286"}],"wp:attachment":[{"href":"https:\/\/www.agroviva.com.tr\/en\/wp-json\/wp\/v2\/media?parent=12474"}],"curies":[{"name":"wp","href":"https:\/\/api.w.org\/{rel}","templated":true}]}}