{"id":12510,"date":"2024-04-25T09:31:16","date_gmt":"2024-04-25T06:31:16","guid":{"rendered":"https:\/\/www.agroviva.com.tr\/urundetay1-3\/"},"modified":"2025-03-03T22:04:02","modified_gmt":"2025-03-03T19:04:02","slug":"bugday","status":"publish","type":"page","link":"https:\/\/www.agroviva.com.tr\/en\/bugday\/","title":{"rendered":"Wheat"},"content":{"rendered":"<section class=\"wpb-content-wrapper\"><div class=\"container row_section vc_row_p_30\"><div  class=\"vc_row wpb_row vc_row-fluid vc_column-gap-30 vc_row-69f707b2c22b7629260390\"   style=' text-align:left; z-index:0;'><div class=\"row-container container-fluid\"><div class=\"row-inner\"><div class=\"wpb_column vc_column_container vc_col-sm-12 vc_column_container_69f707b2c2659080600947\" style=\"z-index:0\"><div class=\"vc_column-inner\"><div class=\"wpb_wrapper\"><div class=\"vc_empty_space  vc_empty_space_1\"   style=\"height: 30px\" ><span class=\"vc_empty_space_inner\"><\/span><\/div>\r\n\n\t<div class=\"wpb_text_column_2 wpb_text_column wpb_content_element\">\n\t\t<div class=\"wpb_wrapper\" >\n\t\t\t<p>Tarihi M.\u00d6. binlerce y\u0131l \u00f6ncesine dayanan, \u0131slah edilmi\u015f <strong>bu\u011fday<\/strong>, en temel besin kaynaklar\u0131m\u0131zdan biridir. \u201cTriticum\u201d ailesinden olan bu\u011fday tek y\u0131ll\u0131k otsu bitkidir. D\u00fcnya genelinde di\u011fer tah\u0131llar ile kar\u015f\u0131la\u015ft\u0131rd\u0131\u011f\u0131m\u0131zda di\u011fer tah\u0131llara nazaran daha geni\u015f arazilerde ekimi yap\u0131ld\u0131\u011f\u0131 g\u00f6r\u00fclmektedir ve m\u0131s\u0131rdan sonra ticareti en fazla yap\u0131lan tar\u0131m \u00fcr\u00fcn\u00fcd\u00fcr. \u00dclkemizde de di\u011fer tah\u0131l \u00fcr\u00fcnlerine oranla daha geni\u015f arazilerde tar\u0131m\u0131 yap\u0131lmaktad\u0131r. Besin zincirinin temel \u00fcr\u00fcnlerinden olan bu\u011fday, i\u015flenmi\u015f haliyle bir\u00e7ok g\u0131da \u00fcr\u00fcn\u00fcn temel malzemesidir. Ba\u015fta ekmek olmak \u00fczere b\u00fct\u00fcn unlu mamullerin hammaddesidir. Bunlar\u0131n yan\u0131nda hayvan yemi \u00fcretiminde de \u00e7ok \u00f6nemli bir tah\u0131ld\u0131r.<\/p>\n\n\t\t<\/div> \n\t<\/div> <div class=\"vc_empty_space  vc_empty_space_3\"   style=\"height: 30px\" ><span class=\"vc_empty_space_inner\"><\/span><\/div>\r\n<div class=\"vc_custom_heading vc_custom_heading_69f707b2c2cb8076068395\" ><h2 style=\"text-align: left;font-family:Abril Fatface;font-weight:400;font-style:normal\"><span class=\"hilight\"  >G\u0131da Sekt\u00f6r\u00fcnde Bu\u011fday<\/span><\/h2><\/div><div class=\"vc_empty_space  vc_empty_space_4\"   style=\"height: 30px\" ><span class=\"vc_empty_space_inner\"><\/span><\/div>\r\n\n\t<div class=\"wpb_text_column_5 wpb_text_column wpb_content_element\">\n\t\t<div class=\"wpb_wrapper\" >\n\t\t\t<p>G\u0131da sekt\u00f6r\u00fcn\u00fcn olmazsa olmaz tah\u0131llar\u0131ndan bu\u011fday pek \u00e7ok alanda de\u011ferlendirilmektedir. Bir\u00e7ok g\u0131da \u00fcr\u00fcn\u00fcn\u00fcn ana bile\u015fenidir.<\/p>\n<ul>\n<li>Un<\/li>\n<li>Ekmek ve \u00e7e\u015fitli unlu mamuller<\/li>\n<li>Makarna<\/li>\n<li>Kahvalt\u0131l\u0131k gevrek ve m\u00fcsli<\/li>\n<li>Bisk\u00fcvi, kraker<\/li>\n<li>Bira ve alkoll\u00fc i\u00e7ecekler<\/li>\n<\/ul>\n\n\t\t<\/div> \n\t<\/div> <div class=\"vc_empty_space  vc_empty_space_6\"   style=\"height: 30px\" ><span class=\"vc_empty_space_inner\"><\/span><\/div>\r\n<div class=\"vc_custom_heading vc_custom_heading_69f707b2c31ff548009262\" ><h2 style=\"text-align: left;font-family:Abril Fatface;font-weight:400;font-style:normal\"><span class=\"hilight\"  >Bu\u011fday\u0131n Faydalar\u0131<\/span><\/h2><\/div><div class=\"vc_empty_space  vc_empty_space_7\"   style=\"height: 30px\" ><span class=\"vc_empty_space_inner\"><\/span><\/div>\r\n\n\t<div class=\"wpb_text_column_8 wpb_text_column wpb_content_element\">\n\t\t<div class=\"wpb_wrapper\" >\n\t\t\t<p>Bu\u011fdayda bulunan inorganik maddeler insanlar i\u00e7in \u00f6nemli bir yere sahiptir. S\u00fclfatlar, fosfatlar, oksitler, klorit ve slikatlar buldurmaktad\u0131r. Ayr\u0131ca K, Na, Ca, Mg gibi elementler, Fe, Cu, Zn, Mn, Al, As, I ve F gibi iz elementlerin yan\u0131nda fosfor, demir, potasyum, magnezyum, kalsiyum gibi \u00e7e\u015fitli mineralleri bu\u011fday b\u00fcnyesinde bulundurmaktad\u0131r. Ayr\u0131ca bu\u011fday ru\u015feyminde az da olsa B grubu ve E vitaminide bulunmaktad\u0131r.<\/p>\n<ul>\n<li>\u0130nsanlar\u0131n temel besin kayna\u011f\u0131d\u0131r. Doyurucu ve besleyicidir.<\/li>\n<li>\u0130\u00e7erdi\u011fi protein, lif (<a href=\"https:\/\/www.agroviva.com.tr\/en\/bugday-kepegi\/\">bu\u011fday kepe\u011fi<\/a>) ve \u00e7e\u015fitli vitamin, minerallerle zengin bir besin deposudur.<\/li>\n<li>Sindirim sistemini destekleyerek tokluk hissi verir.<\/li>\n<li>Yeterli d\u00fczeyde kullan\u0131ld\u0131\u011f\u0131nda kolesterol seviyesini dengeler. Kalp- damar sa\u011fl\u0131\u011f\u0131 i\u00e7in \u00f6nemlidir.<\/li>\n<li>Lif bak\u0131m\u0131ndan zengin olmas\u0131 nedeniyle sa\u011fl\u0131kl\u0131 beslenme program\u0131 olu\u015fturma ve diyabet y\u00f6netiminde etkin rol oynar. Kan \u015fekerini dengeleyerek diyabet riskini azalt\u0131r.<\/li>\n<li>Antioksidan a\u00e7\u0131s\u0131ndan zengin bu\u011fday do\u011fru kullan\u0131mda kanser \u00f6nleyici etkiye sahiptir.<\/li>\n<li>Kilo kontrol\u00fcne yard\u0131mc\u0131 olur.<\/li>\n<li>\u0130\u00e7erdi\u011fi E vitamini ve \u00e7inko gibi maddeler sayesinde cildin parlak ve sa\u011fl\u0131kl\u0131 g\u00f6r\u00fcnmesini sa\u011flar.<\/li>\n<\/ul>\n<p>Bir\u00e7ok insan\u0131n g\u00fcnl\u00fck beslenme rutininde vazge\u00e7ilmez bu\u011fday, ba\u015fka pek \u00e7ok sekt\u00f6rde de \u00f6nem arz etmektedir.<\/p>\n\n\t\t<\/div> \n\t<\/div> <div class=\"vc_empty_space  vc_empty_space_9\"   style=\"height: 30px\" ><span class=\"vc_empty_space_inner\"><\/span><\/div>\r\n<div class=\"vc_custom_heading vc_custom_heading_69f707b2c364f864278306\" ><h2 style=\"text-align: left;font-family:Abril Fatface;font-weight:400;font-style:normal\"><span class=\"hilight\"  >Ekmeklik Bu\u011fday<\/span><\/h2><\/div><div class=\"vc_empty_space  vc_empty_space_10\"   style=\"height: 30px\" ><span class=\"vc_empty_space_inner\"><\/span><\/div>\r\n\n\t<div class=\"wpb_text_column_11 wpb_text_column wpb_content_element\">\n\t\t<div class=\"wpb_wrapper\" >\n\t\t\t<ul>\n<li>Ekmeklik bu\u011fdaylar sertlik derecesine g\u00f6re \u201cSert Bu\u011fday\u201d ve \u201cYumu\u015fak Bu\u011fday\u201d olarak iki s\u0131n\u0131fa ayr\u0131l\u0131r. Tane rengine g\u00f6re \u201cK\u0131rm\u0131z\u0131 Bu\u011fday ve \u201cBeyaz Bu\u011fday\u201d olarak s\u0131n\u0131fland\u0131r\u0131l\u0131r. Son olarakta \u201cYazl\u0131k Bu\u011fday\u201d \u0131l\u0131man iklim b\u00f6lgelerinde tar\u0131m\u0131 yap\u0131l\u0131r ve \u201cK\u0131\u015fl\u0131k Bu\u011fday\u201d \u00fclkemizde en \u00e7ok ekimi yap\u0131lan bu\u011fday s\u0131n\u0131f\u0131d\u0131r. Ekmeklik un \u00fcretiminde ise daha \u00e7ok k\u0131rm\u0131z\u0131 bu\u011fdaylar ve beyaz yumu\u015fak bu\u011fdaylar tercih edilmektedir. Bu t\u00fcr bu\u011fdaylar\u0131n gl\u00fcten kalitesi mayal\u0131 \u00fcr\u00fcnlerde daha olumlu sonu\u00e7lar elde etmemizi sa\u011flarlar.Ekmeklik bu\u011fday s\u0131n\u0131flar\u0131n\u0131 \u015fu \u015fekilde s\u0131ralayabiliriz.\n<ul>\n<li>K\u0131rm\u0131z\u0131 Sert Bu\u011fdaylar,<\/li>\n<li>Beyaz Sert Bu\u011fdaylar<\/li>\n<li>Di\u011fer K\u0131rm\u0131z\u0131 Bu\u011fdaylar<\/li>\n<li>Di\u011fer Beyaz Bu\u011fdaylar<\/li>\n<\/ul>\n<\/li>\n<\/ul>\n\n\t\t<\/div> \n\t<\/div> <div class=\"vc_empty_space  vc_empty_space_12\"   style=\"height: 30px\" ><span class=\"vc_empty_space_inner\"><\/span><\/div>\r\n<div class=\"vc_custom_heading vc_custom_heading_69f707b2c3a58717040991\" ><h2 style=\"text-align: left;font-family:Abril Fatface;font-weight:400;font-style:normal\"><span class=\"hilight\"  >Yem End\u00fcstrisinde Bu\u011fday<\/span><\/h2><\/div><div class=\"vc_empty_space  vc_empty_space_13\"   style=\"height: 30px\" ><span class=\"vc_empty_space_inner\"><\/span><\/div>\r\n\n\t<div class=\"wpb_text_column_14 wpb_text_column wpb_content_element\">\n\t\t<div class=\"wpb_wrapper\" >\n\t\t\t<p>\u00d6zellikle s\u0131\u011f\u0131r, koyun ve tavuk gibi bir\u00e7ok hayvan i\u00e7in \u00e7ok k\u0131ymetli bir besin kayna\u011f\u0131d\u0131r ve \u00e7ok faydal\u0131d\u0131r.<\/p>\n<ul>\n<li>Y\u00fcksek enerji kayna\u011f\u0131d\u0131r. G\u00fcnl\u00fck karbonhidrat ihtiyac\u0131 i\u00e7in idealdir.<\/li>\n<li>\u0130\u00e7erdi\u011fi besin de\u011ferleriyle hayvanlar i\u00e7in dengeli bir besindir.<\/li>\n<li>Lifli yap\u0131s\u0131 nedeniyle sindirim kolayl\u0131\u011f\u0131 sa\u011flayarak hayvanlar\u0131n metabolizmas\u0131n\u0131 destekler.<\/li>\n<li>Hayvanlar\u0131n kas geli\u015fimi ve dayan\u0131kl\u0131l\u0131\u011f\u0131 i\u00e7in \u00e7ok \u00f6nemlidir.<\/li>\n<li>Piyasa ko\u015fullar\u0131 nedeniyle uygun fiyatlarla temin edilen arz ve talep oran\u0131 y\u00fcksek bir \u00fcr\u00fcnd\u00fcr.<\/li>\n<li>D\u00fcnya genelinde yayg\u0131n \u00fcretilmesi nedeniyle kolay tedarik edilir.<\/li>\n<\/ul>\n<p>Kaliteli ve dengeli bir yem \u00fcr\u00fcn\u00fc olan bu\u011fday, besicilik ve hayvanc\u0131l\u0131k i\u00e7in en ideal tah\u0131ld\u0131r.<\/p>\n\n\t\t<\/div> \n\t<\/div> <div class=\"vc_empty_space  vc_empty_space_15\"   style=\"height: 30px\" ><span class=\"vc_empty_space_inner\"><\/span><\/div>\r\n\r\n\t<div class=\"wpb_single_image wpb_single_image_16 wpb_content_element vc_align_center\">\r\n\t\t<div class=\"wpb_wrapper\">\r\n\t\t\t\r\n\t\t\t<div class=\"vc_single_image-wrapper   vc_box_border_grey\"><img loading=\"lazy\" decoding=\"async\" width=\"512\" height=\"512\" src=\"https:\/\/www.agroviva.com.tr\/wp-content\/uploads\/2024\/05\/Bugday.png\" class=\"vc_single_image-img attachment-full\" alt=\"\" title=\"Wheat\" srcset=\"https:\/\/www.agroviva.com.tr\/wp-content\/uploads\/2024\/05\/Bugday.png 512w, https:\/\/www.agroviva.com.tr\/wp-content\/uploads\/2024\/05\/Bugday-300x300.png 300w, https:\/\/www.agroviva.com.tr\/wp-content\/uploads\/2024\/05\/Bugday-150x150.png 150w, https:\/\/www.agroviva.com.tr\/wp-content\/uploads\/2024\/05\/Bugday-100x100.png 100w\" sizes=\"auto, (max-width: 512px) 100vw, 512px\" \/><\/div>\r\n\t\t<\/div>\r\n\t<\/div>\r\n<div class=\"vc_empty_space  vc_empty_space_17\"   style=\"height: 30px\" ><span class=\"vc_empty_space_inner\"><\/span><\/div>\r\n<div class=\"vc_custom_heading vc_custom_heading_69f707b2c4479222055062\" ><h2 style=\"text-align: left;font-family:Abril Fatface;font-weight:400;font-style:normal\"><span class=\"hilight\"  >Besin De\u011ferleri<\/span><\/h2><\/div><div class=\"vc_empty_space  vc_empty_space_18\"   style=\"height: 30px\" ><span class=\"vc_empty_space_inner\"><\/span><\/div>\r\n\n\t<div class=\"wpb_text_column_19 wpb_text_column wpb_content_element\">\n\t\t<div class=\"wpb_wrapper\" >\n\t\t\t<p>Bu\u011fday hem insanlar hem hayvanlar i\u00e7in kritik bir besin kayna\u011f\u0131d\u0131r ve pek \u00e7ok \u00f6nemli besin maddesini i\u00e7erir. Yakla\u015f\u0131k de\u011ferler a\u015fa\u011f\u0131daki gibidir:<\/p>\n<ul>\n<li>Enerji: 339 kcal<\/li>\n<li>Protein: 13.2 gram<\/li>\n<li>Ya\u011f: 2.5 gram<\/li>\n<li>Karbonhidrat: 71.2 gram<\/li>\n<li>Lif: 12.2 gram<\/li>\n<li>\u015eeker: 0.4 gram<\/li>\n<li>Kalsiyum: 34 mg<\/li>\n<li>Demir: 3.2 mg<\/li>\n<li>Magnezyum: 138 mg<\/li>\n<li>Fosfor: 333 mg<\/li>\n<li>Potasyum: 363 mg<\/li>\n<li>Sodyum: 2 mg<\/li>\n<li>\u00c7inko: 2.8 mg<\/li>\n<li>Bak\u0131r: 0.4 mg<\/li>\n<li>Manganez: 3.8 mg<\/li>\n<li>Selenyum: 70.7 \u00b5g<\/li>\n<li>Tiamin (B1 vitamini): 0.4 mg<\/li>\n<li>Riboflavin (B2 vitamini): 0.1 mg<\/li>\n<li>Niasin (B3 vitamini): 5.5 mg<\/li>\n<li>Pantotenik asit (B5 vitamini): 0.9 mg<\/li>\n<li>Piridoksin (B6 vitamini): 0.3 mg<\/li>\n<li>Folat (B9 vitamini): 44 \u00b5g<\/li>\n<li>Biotin (B7 vitamini): 7.8 \u00b5g<\/li>\n<li>Kobalamin (B12 vitamini): 0 \u00b5g<\/li>\n<li>A vitamini: 0 IU<\/li>\n<li>C vitamini: 0 mg<\/li>\n<li>D vitamini: 0 IU<\/li>\n<li>E vitamini: 0.5 mg<\/li>\n<\/ul>\n<p>Bu de\u011ferler, tipik \u015fekilde yeti\u015ftirilen bu\u011fday\u0131n 100 gram\u0131nda mevcut bulunan besin de\u011ferleridir. Kalite ve \u00fcretim \u015fekline g\u00f6re farkl\u0131l\u0131klar g\u00f6r\u00fclebilir.<\/p>\n\n\t\t<\/div> \n\t<\/div> <div class=\"vc_empty_space  vc_empty_space_20\"   style=\"height: 30px\" ><span class=\"vc_empty_space_inner\"><\/span><\/div>\r\n<div class=\"vc_custom_heading vc_custom_heading_69f707b2c48bd108995365\" ><h2 style=\"text-align: left;font-family:Abril Fatface;font-weight:400;font-style:normal\"><span class=\"hilight\"  >Bu\u011fday Fiyat<\/span><\/h2><\/div><div class=\"vc_empty_space  vc_empty_space_21\"   style=\"height: 30px\" ><span class=\"vc_empty_space_inner\"><\/span><\/div>\r\n\n\t<div class=\"wpb_text_column_22 wpb_text_column wpb_content_element\">\n\t\t<div class=\"wpb_wrapper\" >\n\t\t\t<p><strong>Bu\u011fday fiyatlar\u0131<\/strong> pek \u00e7ok ko\u015fula ba\u011fl\u0131 olarak de\u011fi\u015fkenlik g\u00f6sterir. \u00dcretim miktar\u0131, \u00fcr\u00fcn kalitesi, arz ve talep dengesinin sa\u011flanmas\u0131, hava ko\u015fullar\u0131, ticaret politikalar\u0131, tar\u0131m politikalar\u0131, \u00e7ift\u00e7ilerin ekim s\u0131ras\u0131nda tercih etti\u011fi \u00fcr\u00fcnler, d\u00f6viz kurlar\u0131 vb. pek \u00e7ok fakt\u00f6r fiyatlarda de\u011fi\u015fikli\u011fe yol a\u00e7maktad\u0131r. \u00dclkemizde korumac\u0131 tar\u0131m politikas\u0131 uyguland\u0131\u011f\u0131ndan bu\u011fday ithalat\u0131nda k\u0131s\u0131tlamalar bulunmaktad\u0131r. Genellikle uluslararas\u0131 tah\u0131l borsalar\u0131nda fiyat belirlenir ve arz talep dengesine g\u00f6re fiyatlarda farkl\u0131l\u0131k olurken \u00fclkemizde devlet taraf\u0131ndan belirlenir ve uygulay\u0131c\u0131 olarak TMO taraf\u0131ndan al\u0131mlar yap\u0131lmaktad\u0131r. D\u00f6nem d\u00f6nem de\u011fi\u015fen fiyatlar yerel pazarlarda da tar\u0131m ko\u015fullar\u0131, depolama ve ta\u015f\u0131ma maliyetlerine g\u00f6re de\u011fi\u015fiklik g\u00f6sterir. D\u0131\u015f fakt\u00f6rlerin haricinde bu\u011fday a\u011f\u0131rl\u0131kl\u0131 olarak kalite kriterlerine g\u00f6re fiyatland\u0131r\u0131l\u0131r. Belirli analizler yap\u0131larak bu\u011fday fiyat\u0131 \u00fcr\u00fcn baz\u0131nda belirlenmektedir<\/p>\n<p>Detayl\u0131 bilgi ve fiyat teklifi i\u00e7in <a href=\"https:\/\/www.instagram.com\/agrovivagida\/\" rel=\"nofollow noopener\" target=\"_blank\">sosyal medya<\/a>, <a href=\"https:\/\/www.agroviva.com.tr\/en\/iletisim\/\">ileti\u015fim formunu<\/a> doldurarak ya da telefon arac\u0131l\u0131\u011f\u0131yla bize ula\u015fabilirsiniz.<\/p>\n\n\t\t<\/div> \n\t<\/div> <\/div><\/div><\/div><\/div><\/div><\/div><\/div><div class=\"container row_section vc_row_p_30\"><div  class=\"vc_row wpb_row vc_row-fluid vc_column-gap-30 vc_row-69f707b2c4d4b722078098\"   style=' text-align:left; z-index:0;'><div class=\"row-container container-fluid\"><div class=\"row-inner\"><div class=\"wpb_column vc_column_container vc_col-sm-12 vc_column_container_69f707b2c4f02820236204\" style=\"z-index:0\"><div class=\"vc_column-inner\"><div class=\"wpb_wrapper\"><div class=\"rdy_button_align center\"  data-animation-class=\"fadeInUp2\"><a href=\"https:\/\/www.agroviva.com.tr\/en\/teklifal\/\" class=\"rdy_button  large amination-outside animate-element dark flat-dimension button-23\" style=\"border-width: 2px!important; border-radius: 1px;-moz-border-radius: 1px;-webkit-border-radius: 1px; \" data-animation-class=\"fadeInUp2\"><span>Bilgi Al<\/span><\/a><\/div><\/div><\/div><\/div><\/div><\/div><\/div><\/div>\n<\/section>","protected":false},"excerpt":{"rendered":"Tarihi M.\u00d6. binlerce y\u0131l \u00f6ncesine dayanan, \u0131slah edilmi\u015f bu\u011fday, en temel besin kaynaklar\u0131m\u0131zdan biridir. \u201cTriticum\u201d ailesinden olan bu\u011fday tek y\u0131ll\u0131k otsu bitkidir. D\u00fcnya genelinde di\u011fer tah\u0131llar ile kar\u015f\u0131la\u015ft\u0131rd\u0131\u011f\u0131m\u0131zda di\u011fer tah\u0131llara [...]","protected":false},"author":1,"featured_media":13147,"parent":0,"menu_order":0,"comment_status":"closed","ping_status":"closed","template":"","meta":{"footnotes":""},"class_list":["post-12510","page","type-page","status-publish","has-post-thumbnail","hentry"],"_links":{"self":[{"href":"https:\/\/www.agroviva.com.tr\/en\/wp-json\/wp\/v2\/pages\/12510","targetHints":{"allow":["GET"]}}],"collection":[{"href":"https:\/\/www.agroviva.com.tr\/en\/wp-json\/wp\/v2\/pages"}],"about":[{"href":"https:\/\/www.agroviva.com.tr\/en\/wp-json\/wp\/v2\/types\/page"}],"author":[{"embeddable":true,"href":"https:\/\/www.agroviva.com.tr\/en\/wp-json\/wp\/v2\/users\/1"}],"replies":[{"embeddable":true,"href":"https:\/\/www.agroviva.com.tr\/en\/wp-json\/wp\/v2\/comments?post=12510"}],"version-history":[{"count":15,"href":"https:\/\/www.agroviva.com.tr\/en\/wp-json\/wp\/v2\/pages\/12510\/revisions"}],"predecessor-version":[{"id":13492,"href":"https:\/\/www.agroviva.com.tr\/en\/wp-json\/wp\/v2\/pages\/12510\/revisions\/13492"}],"wp:featuredmedia":[{"embeddable":true,"href":"https:\/\/www.agroviva.com.tr\/en\/wp-json\/wp\/v2\/media\/13147"}],"wp:attachment":[{"href":"https:\/\/www.agroviva.com.tr\/en\/wp-json\/wp\/v2\/media?parent=12510"}],"curies":[{"name":"wp","href":"https:\/\/api.w.org\/{rel}","templated":true}]}}