{"id":12514,"date":"2024-04-25T09:31:37","date_gmt":"2024-04-25T06:31:37","guid":{"rendered":"https:\/\/www.agroviva.com.tr\/urundetay1-7\/"},"modified":"2025-01-30T11:22:44","modified_gmt":"2025-01-30T08:22:44","slug":"aycicegi-kuspesi","status":"publish","type":"page","link":"https:\/\/www.agroviva.com.tr\/en\/aycicegi-kuspesi\/","title":{"rendered":"Ay\u00e7i\u00e7e\u011fi K\u00fcspesi (ATK)"},"content":{"rendered":"<section class=\"wpb-content-wrapper\"><div class=\"container row_section vc_row_p_30\"><div  class=\"vc_row wpb_row vc_row-fluid vc_column-gap-30 vc_row-69f707be74627860545883\"   style=' text-align:left; z-index:0;'><div class=\"row-container container-fluid\"><div class=\"row-inner\"><div class=\"wpb_column vc_column_container vc_col-sm-12 vc_column_container_69f707be7482e707289011\" style=\"z-index:0\"><div class=\"vc_column-inner\"><div class=\"wpb_wrapper\"><div class=\"vc_empty_space  vc_empty_space_1\"   style=\"height: 30px\" ><span class=\"vc_empty_space_inner\"><\/span><\/div>\r\n\n\t<div class=\"wpb_text_column_2 wpb_text_column wpb_content_element\">\n\t\t<div class=\"wpb_wrapper\" >\n\t\t\t<p><strong>Ay\u00e7i\u00e7e\u011fi<\/strong> <strong>k\u00fcspesi,<\/strong> ay\u00e7i\u00e7e\u011fi ya\u011f\u0131 \u00fcretimi s\u0131ras\u0131nda elde edilen bir yan \u00fcr\u00fcnd\u00fcr. Ya\u011f\u0131 \u00e7\u0131kar\u0131ld\u0131ktan sonra geriye kalan bu \u00fcr\u00fcn, yem end\u00fcstrisi i\u00e7in \u00e7ok \u00f6nemli bir bile\u015fendir. <strong>Ay\u00e7i\u00e7e\u011fi tohumu k\u00fcspesi (ATK)<\/strong> olarak ta an\u0131lan bu \u00fcr\u00fcn \u00fclkemizde yem sanayinin en de\u011ferli \u00fcr\u00fcnlerinden biri haline gelmi\u015ftir. Lezzeti ve kokusu da yem bile\u015fenlerinde etkili bir tercih sebebidir. Y\u00fcksek lif ve protein i\u00e7eren ay\u00e7i\u00e7e\u011fi k\u00fcspesi pek \u00e7ok alanda aktif olarak kullan\u0131lmaktad\u0131r.<\/p>\n\n\t\t<\/div> \n\t<\/div> <div class=\"vc_empty_space  vc_empty_space_3\"   style=\"height: 30px\" ><span class=\"vc_empty_space_inner\"><\/span><\/div>\r\n<div class=\"vc_custom_heading vc_custom_heading_69f707be74c4f014372688\" ><h2 style=\"text-align: left;font-family:Abril Fatface;font-weight:400;font-style:normal\"><span class=\"hilight\"  >Nas\u0131l Elde Edilir?<\/span><\/h2><\/div><div class=\"vc_empty_space  vc_empty_space_4\"   style=\"height: 30px\" ><span class=\"vc_empty_space_inner\"><\/span><\/div>\r\n\n\t<div class=\"wpb_text_column_5 wpb_text_column wpb_content_element\">\n\t\t<div class=\"wpb_wrapper\" >\n\t\t\t<p><a href=\"https:\/\/www.agroviva.com.tr\/en\/yaglik-aycicegi\/\">Ya\u011fl\u0131k ay\u00e7i\u00e7e\u011fi<\/a> \u00e7ekirdekleri bir dizi dikkatlice uygulanan a\u015famadan ge\u00e7er. Bu s\u00fcre\u00e7, y\u00fcksek kaliteli ve sa\u011fl\u0131kl\u0131 ya\u011f elde edilmesini sa\u011flar.<\/p>\n<p>Tarladan hasat edilen ay\u00e7ekirdekleri sa\u011fl\u0131kl\u0131 ve kaliteli ya\u011f \u00fcretimi i\u00e7in \u00f6zenle se\u00e7ilir. \u0130yi yeti\u015fmi\u015f ve olgunla\u015fm\u0131\u015f ay\u00e7ekirdekler, ya\u011f oran\u0131n\u0131 maksimize etmek i\u00e7in toplan\u0131r.<\/p>\n<p>Toplanan ay\u00e7i\u00e7ekleri, toprak, ta\u015f ve di\u011fer yabanc\u0131 maddelerden temizlenir. Temizleme i\u015flemi, ya\u011f\u0131n kalitesinin y\u00fcksek olmas\u0131n\u0131 sa\u011flamak i\u00e7in olduk\u00e7a \u00f6nemlidir. Temizlenen ay\u00e7i\u00e7ekleri, ya\u011f\u0131n daha verimli \u00e7\u0131kabilmesi i\u00e7in kurutulup, \u00f6\u011f\u00fctme i\u015flemine haz\u0131r hale getirilir. Bu a\u015fama, ya\u011f\u0131n \u00e7\u0131k\u0131\u015f verimini art\u0131r\u0131r. Ay\u00e7i\u00e7ek \u00e7ekirdekleri, de\u011firmenlerde k\u0131r\u0131l\u0131r ve \u00f6\u011f\u00fct\u00fcl\u00fcr. Bu i\u015flem, \u00e7ekirdeklerden ya\u011f\u0131n daha kolay \u00e7\u0131kar\u0131labilmesi i\u00e7in gereklidir. \u00d6\u011f\u00fct\u00fclen \u00e7ekirdekler, k\u00fc\u00e7\u00fck par\u00e7ac\u0131klara ayr\u0131l\u0131r. Devam\u0131nda iki farkl\u0131 y\u00f6ntemle ya\u011f\u0131 ayr\u0131l\u0131r.<\/p>\n<p><strong>Ya\u011f Presleme veya Solvent Y\u00f6ntemi:<\/strong><\/p>\n<ul>\n<li style=\"list-style-type: none;\">\n<ul>\n<li><strong>Presleme:<\/strong> \u0130lk a\u015famada, \u00f6\u011f\u00fct\u00fclen ay\u00e7i\u00e7ek \u00e7ekirdekleri so\u011fuk veya s\u0131cak presleme y\u00f6ntemiyle ya\u011fdan ayr\u0131l\u0131r. So\u011fuk presleme, ya\u011f\u0131n do\u011fal \u00f6zelliklerini korur ve daha kaliteli bir ya\u011f elde edilmesini sa\u011flar.<\/li>\n<li><strong>Solvent Y\u00f6ntemi:<\/strong> E\u011fer daha fazla ya\u011f elde edilmesi isteniyorsa, solvent kullan\u0131larak, \u00e7ekirdeklerin i\u00e7indeki ya\u011f \u00e7\u00f6z\u00fcl\u00fcr ve s\u0131v\u0131 hale getirilir. Bu y\u00f6ntemle daha fazla ya\u011f verimi elde edilir.<\/li>\n<\/ul>\n<\/li>\n<\/ul>\n<p>Presleme i\u015fleminin ard\u0131ndan kalan ay\u00e7i\u00e7e\u011fi k\u00fcspesi \u00e7e\u015fitli y\u00f6ntemlerle ayr\u0131\u015ft\u0131r\u0131l\u0131r ve kurutulur. Nemden ar\u0131nd\u0131r\u0131lan ay\u00e7i\u00e7e\u011fi k\u00fcspesi depolamaya haz\u0131r hale gelmektedir<\/p>\n\n\t\t<\/div> \n\t<\/div> <div class=\"vc_empty_space  vc_empty_space_6\"   style=\"height: 30px\" ><span class=\"vc_empty_space_inner\"><\/span><\/div>\r\n<div class=\"vc_custom_heading vc_custom_heading_69f707be74fb7979453878\" ><h2 style=\"text-align: left;font-family:Abril Fatface;font-weight:400;font-style:normal\"><span class=\"hilight\"  >Yem Sekt\u00f6r\u00fcnde Ay\u00e7i\u00e7e\u011fi K\u00fcspesi<\/span><\/h2><\/div><div class=\"vc_empty_space  vc_empty_space_7\"   style=\"height: 30px\" ><span class=\"vc_empty_space_inner\"><\/span><\/div>\r\n\n\t<div class=\"wpb_text_column_8 wpb_text_column wpb_content_element\">\n\t\t<div class=\"wpb_wrapper\" >\n\t\t\t<ul>\n<li><strong>Hayvan yemi<\/strong> sekt\u00f6r\u00fcnde \u00f6nemli bir \u00fcr\u00fcn olarak bilinen ay\u00e7i\u00e7e\u011fi k\u00fcspesi \u00e7e\u015fitli yem rasyonlar\u0131nda s\u0131kl\u0131kla kullan\u0131l\u0131r. Yem sekt\u00f6r\u00fcnde b\u00f6ylesine \u00f6nemli bir yer edinmesinde birka\u00e7 temel fakt\u00f6r rol oynamaktad\u0131r:\n<ul>\n<li><strong>Protein Kayna\u011f\u0131: <\/strong>Y\u00fcksek protein i\u00e7eri\u011fine sahip olan bu \u00fcr\u00fcn hayvanlar\u0131n protein ihtiyac\u0131n\u0131 kar\u015f\u0131lamakta etkilidir. \u00d6zellikle s\u0131\u011f\u0131r, ke\u00e7i, koyun ve tavuk gibi hayvanlar\u0131n geli\u015fimlerinde \u00f6nemli rol oynar. Kas dokusu olu\u015fturma ve b\u00fcy\u00fcme s\u00fcrecinde gereken protein miktar\u0131n\u0131 kar\u015f\u0131lamaktad\u0131r.<\/li>\n<li><strong>Enerji Deposu: <\/strong>Ay\u00e7i\u00e7e\u011fi k\u00fcspesi enerji kar\u015f\u0131lamakta da verimli bir \u00fcr\u00fcnd\u00fcr. Etkili bir karbonhidrat kayna\u011f\u0131d\u0131r. Hayvanlar\u0131n aktivitelerini art\u0131rarak metabolizmas\u0131n\u0131 destekler.<\/li>\n<li><strong>Lif Kayna\u011f\u0131:<\/strong> Y\u00fcksek lif i\u00e7eri\u011fi sebebiyle sindirim sistemini destekleyen ay\u00e7i\u00e7e\u011fi k\u00fcspesi \u00f6zellikle gevi\u015f getiren hayvanlar i\u00e7in \u00e7ok faydal\u0131 bir yem \u00fcr\u00fcn\u00fcd\u00fcr. Lifli yap\u0131s\u0131 nedeniyle metabolizmay\u0131 iyile\u015ftirerek sindirimi kolayla\u015ft\u0131r\u0131r.<\/li>\n<li><strong>Vitamin Mineral Kaynaklar\u0131:<\/strong> Fosfor, kalsiyum, potasyum ve \u00f6zellikle E vitamini zenginli\u011fiyle hayvanlar\u0131n mineral ve vitamin ihtiya\u00e7lar\u0131n\u0131 kar\u015f\u0131lamakta tercih edilebilir.<\/li>\n<li><strong>Yem Rasyonuna Dengeli Bir Katk\u0131:<\/strong> Yem kar\u0131\u015f\u0131mlar\u0131nda lifli yap\u0131s\u0131, protein kayna\u011f\u0131 ve i\u00e7erdi\u011fi besin de\u011ferlerinin yan\u0131 s\u0131ra di\u011fer yem maddeleriyle uyumlu bir bile\u015fendir. Dengeli beslenmeyi desteklerken lezzetli ve g\u00fczel kokulu olmas\u0131 sebebiyle i\u015ftah a\u00e7\u0131c\u0131d\u0131r.<\/li>\n<\/ul>\n<p>\u00dcretim ama\u00e7lar\u0131, hayvanlar\u0131n cinsi, ya\u015flar\u0131, fiziksel durumlar\u0131na dikkat edilerek yem rasyonlar\u0131nda ay\u00e7i\u00e7e\u011fi k\u00fcspesini rahatl\u0131kla tercih edebilirsiniz. Hayvanlar\u0131n beslenme s\u00fcrecinde olumsuz etkilenmemesi i\u00e7in kalite kontrol\u00fcne dikkat etmeli ve d\u00fc\u015f\u00fck kaliteli \u00fcr\u00fcnleri yem kar\u0131\u015f\u0131mlar\u0131nda kullanmaktan ka\u00e7\u0131nmal\u0131s\u0131n\u0131z. A\u015f\u0131r\u0131 yemleme veya yetersiz beslenme de hayvan sa\u011fl\u0131\u011f\u0131n\u0131 olumsuz etkileyebilmektedir. Bu y\u00fczden \u00fcreticinin \u00f6nerdi\u011fi miktarlarda ve oranlarda kullanmaya \u00f6zen g\u00f6stermelisiniz.<\/li>\n<\/ul>\n\n\t\t<\/div> \n\t<\/div> <div class=\"vc_empty_space  vc_empty_space_9\"   style=\"height: 30px\" ><span class=\"vc_empty_space_inner\"><\/span><\/div>\r\n<div class=\"vc_custom_heading vc_custom_heading_69f707be75269980588197\" ><h2 style=\"text-align: left;font-family:Abril Fatface;font-weight:400;font-style:normal\"><span class=\"hilight\"  >Ay\u00e7i\u00e7e\u011fi K\u00fcspesi Fiyatlar\u0131<\/span><\/h2><\/div><div class=\"vc_empty_space  vc_empty_space_10\"   style=\"height: 30px\" ><span class=\"vc_empty_space_inner\"><\/span><\/div>\r\n\n\t<div class=\"wpb_text_column_11 wpb_text_column wpb_content_element\">\n\t\t<div class=\"wpb_wrapper\" >\n\t\t\t<p>Tar\u0131m politikalar\u0131, arz ve talep dengesi, nakliye s\u00fcreci, \u00fcretim ve depolama ko\u015fullar\u0131na ba\u011fl\u0131 olarak fiyatlarda de\u011fi\u015fkenlik mevcuttur. B\u00f6lgesel \u00fcretim ko\u015fullar\u0131 ve \u00fcr\u00fcn kalitesi de fiyatlar\u0131 etkileyen \u00f6nemli unsurlardand\u0131r. Ambalajlama ve depolama maliyetleri de fiyatland\u0131rma a\u00e7\u0131s\u0131ndan \u00f6nemlidir. Genel olarak ton veya kilogram \u00fczerinden sat\u0131\u015f ger\u00e7ekle\u015ftirilir. Hayvanc\u0131l\u0131kla u\u011fra\u015fan i\u015fletmeler i\u00e7in vazge\u00e7ilmez bir yem \u00fcr\u00fcn\u00fc olan ay\u00e7i\u00e7e\u011fi k\u00fcspesinin kalitesi verim ve performans i\u00e7in olduk\u00e7a \u00f6nemlidir. Kaliteli ve uygun fiyatl\u0131 \u00fcr\u00fcn i\u00e7in do\u011fru \u00fcreticileri tercih etmelisiniz.<\/p>\n<p>Detayl\u0131 bilgi ve fiyat teklifi i\u00e7in web sitemizin ileti\u015fim k\u0131sm\u0131ndan form doldurabilir veya telefon ile ula\u015fabilirsiniz.<\/p>\n\n\t\t<\/div> \n\t<\/div> \r\n\t<div class=\"wpb_single_image wpb_single_image_12 wpb_content_element vc_align_center\">\r\n\t\t<div class=\"wpb_wrapper\">\r\n\t\t\t\r\n\t\t\t<div class=\"vc_single_image-wrapper   vc_box_border_grey\"><img loading=\"lazy\" decoding=\"async\" width=\"800\" height=\"800\" src=\"https:\/\/www.agroviva.com.tr\/wp-content\/uploads\/2024\/04\/aycicegi-kuspesi-ATK-ust.jpg\" class=\"vc_single_image-img attachment-full\" alt=\"\" title=\"ay\u00e7i\u00e7e\u011fi k\u00fcspesi-ATK-\u00fcst\" srcset=\"https:\/\/www.agroviva.com.tr\/wp-content\/uploads\/2024\/04\/aycicegi-kuspesi-ATK-ust.jpg 800w, https:\/\/www.agroviva.com.tr\/wp-content\/uploads\/2024\/04\/aycicegi-kuspesi-ATK-ust-300x300.jpg 300w, https:\/\/www.agroviva.com.tr\/wp-content\/uploads\/2024\/04\/aycicegi-kuspesi-ATK-ust-150x150.jpg 150w, https:\/\/www.agroviva.com.tr\/wp-content\/uploads\/2024\/04\/aycicegi-kuspesi-ATK-ust-768x768.jpg 768w, https:\/\/www.agroviva.com.tr\/wp-content\/uploads\/2024\/04\/aycicegi-kuspesi-ATK-ust-700x700.jpg 700w, https:\/\/www.agroviva.com.tr\/wp-content\/uploads\/2024\/04\/aycicegi-kuspesi-ATK-ust-600x600.jpg 600w, https:\/\/www.agroviva.com.tr\/wp-content\/uploads\/2024\/04\/aycicegi-kuspesi-ATK-ust-100x100.jpg 100w\" sizes=\"auto, (max-width: 800px) 100vw, 800px\" \/><\/div>\r\n\t\t<\/div>\r\n\t<\/div>\r\n<div class=\"vc_empty_space  vc_empty_space_13\"   style=\"height: 30px\" ><span class=\"vc_empty_space_inner\"><\/span><\/div>\r\n<div class=\"vc_custom_heading vc_custom_heading_69f707be75949592612308\" ><h2 style=\"text-align: left;font-family:Abril Fatface;font-weight:400;font-style:normal\"><span class=\"hilight\"  >Besin De\u011ferleri<\/span><\/h2><\/div><div class=\"vc_empty_space  vc_empty_space_14\"   style=\"height: 30px\" ><span class=\"vc_empty_space_inner\"><\/span><\/div>\r\n\n\t<div class=\"wpb_text_column_15 wpb_text_column wpb_content_element\">\n\t\t<div class=\"wpb_wrapper\" >\n\t\t\t<p>\u00dcr\u00fcn kalitesi, i\u015fleme s\u00fcreci ve y\u00f6ntemlere ba\u011fl\u0131 olarak besin de\u011ferlerinde de\u011fi\u015fiklik g\u00f6zlenebilir. Ay\u00e7i\u00e7e\u011fi k\u00fcspesinin yakla\u015f\u0131k besin de\u011ferleri a\u015fa\u011f\u0131daki gibidir:<\/p>\n<ul>\n<li>Protein: %20-30 aras\u0131<\/li>\n<li>Lif: %8-14 aras\u0131<\/li>\n<li>Ya\u011f: %1-3 aras\u0131<\/li>\n<li>Karbonhidrat: %25-30 aras\u0131<\/li>\n<li>Kalsiyum: 1.000-3.000 mg\/kg aras\u0131<\/li>\n<li>Fosfor: 8.000-12.000 mg\/kg aras\u0131<\/li>\n<li>Magnezyum: 2.000-3.000 mg\/kg aras\u0131<\/li>\n<li>Potasyum: 10.000-15.000 mg\/kg aras\u0131<\/li>\n<li>Sodyum: 2.000-4.000 mg\/kg aras\u0131<\/li>\n<li>Vitamin E: 100-300 IU\/kg aras\u0131<\/li>\n<li>Selenyum: 0.2-0.5 mg\/kg aras\u0131<\/li>\n<\/ul>\n\n\t\t<\/div> \n\t<\/div> <div class=\"vc_empty_space  vc_empty_space_16\"   style=\"height: 30px\" ><span class=\"vc_empty_space_inner\"><\/span><\/div>\r\n<div class=\"vc_empty_space  vc_empty_space_17\"   style=\"height: 30px\" ><span class=\"vc_empty_space_inner\"><\/span><\/div>\r\n<div class=\"vc_custom_heading vc_custom_heading_69f707be75c23377011813\" ><h2 style=\"text-align: left;font-family:Abril Fatface;font-weight:400;font-style:normal\"><span class=\"hilight\"  >Detayl\u0131 bilgi ve fiyat almak i\u00e7in ileti\u015fime ge\u00e7iniz.<\/span><\/h2><\/div><div class=\"vc_empty_space  vc_empty_space_18\"   style=\"height: 30px\" ><span class=\"vc_empty_space_inner\"><\/span><\/div>\r\n\n\t<div class=\"wpb_text_column_19 wpb_text_column wpb_content_element\">\n\t\t<div class=\"wpb_wrapper\" >\n\t\t\t<p>Ay\u00e7i\u00e7e\u011fi k\u00fcspesi fiyat\u0131, talep ve arz ko\u015fullar\u0131na ba\u011fl\u0131 ve d\u00f6nemsel olarak de\u011fi\u015fkenlik g\u00f6stermektedir. T\u00fcrkiye&#8217;nin farkl\u0131 b\u00f6lgelerinde \u00fcretilen ay\u00e7i\u00e7e\u011fi k\u00fcspesi, y\u00fcksek protein i\u00e7eri\u011fiyle hayvanc\u0131l\u0131k sekt\u00f6r\u00fcnde tercih edilmektedir. Ayr\u0131ca, bu besin maddesi hayvan yemlerinin yan\u0131 s\u0131ra, organik g\u00fcbre \u00fcretiminde de kullan\u0131lmaktad\u0131r. Fiyatlar, \u00fcretim miktar\u0131na g\u00f6re farkl\u0131l\u0131k g\u00f6sterebilir. T\u00fcrkiye, ay\u00e7i\u00e7e\u011fi \u00fcr\u00fcnleri konusunda kendine yeten bir \u00fclke olmamas\u0131 sebebiyle ay\u00e7i\u00e7e\u011fi k\u00fcspesinin fiyat\u0131, b\u00f6lgedeki \u00fcretim miktar\u0131 ve ticaret politikalar\u0131yla da do\u011frudan ili\u015fkilidir. Bu nedenle, en g\u00fcncel fiyatlar i\u00e7in yerel tedarik\u00e7ilerle ileti\u015fime ge\u00e7mek \u00f6nemlidir.<\/p>\n<p>Ay\u00e7i\u00e7e\u011fi k\u00fcspesi hakk\u0131nda daha fazla bilgi edinmek ve do\u011fru ham madde se\u00e7imi konusunda bilin\u00e7li kararlar vermek i\u00e7in <a href=\"https:\/\/www.agroviva.com.tr\/en\/iletisim\/\">ileti\u015fim formu<\/a>, <a href=\"https:\/\/www.instagram.com\/agrovivagida\/\" rel=\"nofollow noopener\" target=\"_blank\">sosyal medya<\/a> kanallar\u0131 ya da telefon ile bizimle ileti\u015fime ge\u00e7ebilirsiniz.<\/p>\n\n\t\t<\/div> \n\t<\/div> <\/div><\/div><\/div><\/div><\/div><\/div><\/div><div class=\"container row_section vc_row_p_30\"><div  class=\"vc_row wpb_row vc_row-fluid vc_column-gap-30 vc_row-69f707be76003326582432\"   style=' text-align:left; z-index:0;'><div class=\"row-container container-fluid\"><div class=\"row-inner\"><div class=\"wpb_column vc_column_container vc_col-sm-12 vc_column_container_69f707be761e0131063048\" style=\"z-index:0\"><div class=\"vc_column-inner\"><div class=\"wpb_wrapper\"><div class=\"rdy_button_align center\"  data-animation-class=\"fadeInUp2\"><a href=\"https:\/\/www.agroviva.com.tr\/en\/teklifal\/\" class=\"rdy_button  large amination-outside animate-element dark flat-dimension button-20\" style=\"border-width: 2px!important; border-radius: 1px;-moz-border-radius: 1px;-webkit-border-radius: 1px; \" data-animation-class=\"fadeInUp2\"><span>Bilgi Al<\/span><\/a><\/div><\/div><\/div><\/div><\/div><\/div><\/div><\/div>\n<\/section>","protected":false},"excerpt":{"rendered":"Ay\u00e7i\u00e7e\u011fi k\u00fcspesi, ay\u00e7i\u00e7e\u011fi ya\u011f\u0131 \u00fcretimi s\u0131ras\u0131nda elde edilen bir yan \u00fcr\u00fcnd\u00fcr. Ya\u011f\u0131 \u00e7\u0131kar\u0131ld\u0131ktan sonra geriye kalan bu \u00fcr\u00fcn, yem end\u00fcstrisi i\u00e7in \u00e7ok \u00f6nemli bir bile\u015fendir. Ay\u00e7i\u00e7e\u011fi tohumu k\u00fcspesi (ATK) olarak [...]","protected":false},"author":1,"featured_media":13130,"parent":0,"menu_order":0,"comment_status":"closed","ping_status":"closed","template":"","meta":{"footnotes":""},"class_list":["post-12514","page","type-page","status-publish","has-post-thumbnail","hentry"],"_links":{"self":[{"href":"https:\/\/www.agroviva.com.tr\/en\/wp-json\/wp\/v2\/pages\/12514","targetHints":{"allow":["GET"]}}],"collection":[{"href":"https:\/\/www.agroviva.com.tr\/en\/wp-json\/wp\/v2\/pages"}],"about":[{"href":"https:\/\/www.agroviva.com.tr\/en\/wp-json\/wp\/v2\/types\/page"}],"author":[{"embeddable":true,"href":"https:\/\/www.agroviva.com.tr\/en\/wp-json\/wp\/v2\/users\/1"}],"replies":[{"embeddable":true,"href":"https:\/\/www.agroviva.com.tr\/en\/wp-json\/wp\/v2\/comments?post=12514"}],"version-history":[{"count":14,"href":"https:\/\/www.agroviva.com.tr\/en\/wp-json\/wp\/v2\/pages\/12514\/revisions"}],"predecessor-version":[{"id":12591,"href":"https:\/\/www.agroviva.com.tr\/en\/wp-json\/wp\/v2\/pages\/12514\/revisions\/12591"}],"wp:featuredmedia":[{"embeddable":true,"href":"https:\/\/www.agroviva.com.tr\/en\/wp-json\/wp\/v2\/media\/13130"}],"wp:attachment":[{"href":"https:\/\/www.agroviva.com.tr\/en\/wp-json\/wp\/v2\/media?parent=12514"}],"curies":[{"name":"wp","href":"https:\/\/api.w.org\/{rel}","templated":true}]}}