{"id":12775,"date":"2024-04-30T14:30:36","date_gmt":"2024-04-30T11:30:36","guid":{"rendered":"https:\/\/www.agroviva.com.tr\/inaktif-maya\/"},"modified":"2026-02-16T18:13:48","modified_gmt":"2026-02-16T15:13:48","slug":"vital-bugday-gluteni","status":"publish","type":"page","link":"https:\/\/www.agroviva.com.tr\/en\/vital-bugday-gluteni\/","title":{"rendered":"Vital Bu\u011fday Gluteni"},"content":{"rendered":"<section class=\"wpb-content-wrapper\"><div class=\"container row_section vc_row_p_30\"><div  class=\"vc_row wpb_row vc_row-fluid vc_column-gap-30 vc_row-69f71c42c3f19852750397\"   style=' text-align:left; z-index:0;'><div class=\"row-container container-fluid\"><div class=\"row-inner\"><div class=\"wpb_column vc_column_container vc_col-sm-12 vc_column_container_69f71c42c425b705009406\" style=\"z-index:0\"><div class=\"vc_column-inner\"><div class=\"wpb_wrapper\"><div class=\"vc_empty_space  vc_empty_space_1\"   style=\"height: 0px\" ><span class=\"vc_empty_space_inner\"><\/span><\/div>\r\n\n\t<div class=\"wpb_text_column_2 wpb_text_column wpb_content_element\">\n\t\t<div class=\"wpb_wrapper\" >\n\t\t\t<p><strong>Vital gluten <\/strong>di\u011fer ad\u0131 ile<strong> bu\u011fday gluteni <\/strong>bu\u011fdaydan \u00fcretilen ve un kadar ince gran\u00fcl yap\u0131ya sahip y\u00fcksek kaliteli bu\u011fday proteinidir. Gluten arpa, \u00e7avdar ve yulaf gibi tah\u0131l gruplar\u0131nda mevcut fakat en kaliteli olan\u0131 bu\u011fdaydan \u00fcretilen protein t\u00fcr\u00fcd\u00fcr.<strong> Vital bu\u011fday gluteni<\/strong> bitkisel, do\u011fal ve toz bir protein olarak da bilinmektedir. \u00d6zellikle vejetaryen ve vegan beslenmelerde protein kayna\u011f\u0131 olmas\u0131 nedeniyle tercih edilir. \u00d6zellikle hamur i\u015flerinde olmak \u00fczere g\u0131da \u00fcr\u00fcnlerinde ba\u011flay\u0131c\u0131, esneklik art\u0131r\u0131c\u0131, lezzet katan bir bile\u015fen olarak kullan\u0131l\u0131r. Hayvansal g\u0131da olmad\u0131\u011f\u0131 i\u00e7in sa\u011fl\u0131kl\u0131 beslenmede alternatif bir protein kayna\u011f\u0131 olarak \u00f6ne \u00e7\u0131kar. <strong>Bu\u011fday gluteni <\/strong>ba\u015fka pek \u00e7ok ama\u00e7 i\u00e7in bir\u00e7ok farkl\u0131 sekt\u00f6rde kullan\u0131lmaktad\u0131r.<\/p>\n\n\t\t<\/div> \n\t<\/div> <div class=\"vc_empty_space  vc_empty_space_3\"   style=\"height: 0px\" ><span class=\"vc_empty_space_inner\"><\/span><\/div>\r\n<\/div><\/div><\/div><\/div><\/div><\/div><\/div><div class=\"container row_section vc_row_p_30\"><div  class=\"vc_row wpb_row vc_row-fluid vc_column-gap-30 vc_row-69f71c42c4857545403657\"   style=' text-align:left; z-index:0;'><div class=\"row-container container-fluid\"><div class=\"row-inner\"><div class=\"wpb_column vc_column_container vc_col-sm-12 vc_column_container_69f71c42c4a2e450795066\" style=\"z-index:0\"><div class=\"vc_column-inner\"><div class=\"wpb_wrapper\"><div class=\"vc_custom_heading vc_custom_heading_69f71c42c4cae543354242\" ><h2 style=\"text-align: left;font-family:Abril Fatface;font-weight:400;font-style:normal\"><span class=\"hilight\"  >Bu\u011fday Gluteni Nedir ve Nas\u0131l \u00dcretilir?<\/span><\/h2><\/div><div class=\"vc_empty_space  vc_empty_space_4\"   style=\"height: 0px\" ><span class=\"vc_empty_space_inner\"><\/span><\/div>\r\n\n\t<div class=\"wpb_text_column_5 wpb_text_column wpb_content_element\">\n\t\t<div class=\"wpb_wrapper\" >\n\t\t\t<p>Vital bu\u011fday gluteni, f\u0131r\u0131nc\u0131l\u0131k ve g\u0131da end\u00fcstrisinde \u00e7ok \u00f6nemli bir bile\u015fendir. Bu\u011fdaydan \u00f6\u011f\u00fct\u00fclerek elde edilen bu\u011fday ununun i\u015flenmesi ile \u00fcretilir. \u00dcretim s\u00fcreci \u015fu ad\u0131mlardan olu\u015fur:<\/p>\n<p>Hamurun Haz\u0131rlanmas\u0131: Bu\u011fday unu su ile kar\u0131\u015ft\u0131r\u0131larak hamur haline getirilir. Bu a\u015famada hamur iyice yo\u011frulur ve glutenin ayr\u0131\u015fmas\u0131 sa\u011flan\u0131r.<\/p>\n<p>Y\u0131kama A\u015famas\u0131: Haz\u0131rlanan hamur, glutenin ayr\u0131lmas\u0131 i\u00e7in y\u0131kama i\u015flemiyle suya maruz b\u0131rak\u0131l\u0131r. Bu s\u00fcre\u00e7, gluten ile ni\u015fastan\u0131n ayr\u0131lmas\u0131n\u0131 sa\u011flar.<\/p>\n<p>Kurutma ve \u00d6\u011f\u00fctme: Y\u0131kama i\u015fleminin ard\u0131ndan elde edilen saf gluten kurutulur. Daha sonra istenilen inceli\u011fe g\u00f6re \u00f6\u011f\u00fct\u00fcl\u00fcp toz haline getirilerek kullan\u0131ma haz\u0131r hale gelir.<\/p>\n<p>Vital gluten, y\u00fcksek protein i\u00e7eri\u011fi ve hamura kazand\u0131rd\u0131\u011f\u0131 elastikiyet ile f\u0131r\u0131nc\u0131l\u0131kta \u00f6nemli bir rol oynar. Ancak saf bu\u011fday gluteni oldu\u011fu i\u00e7in \u00e7\u00f6lyak hastalar\u0131 ve glutensiz beslenen bireyler i\u00e7in uygun de\u011fildir. Glutensiz beslenme programlar\u0131nda yer almamal\u0131d\u0131r.<\/p>\n\n\t\t<\/div> \n\t<\/div> <div class=\"vc_empty_space  vc_empty_space_6\"   style=\"height: 0px\" ><span class=\"vc_empty_space_inner\"><\/span><\/div>\r\n<\/div><\/div><\/div><\/div><\/div><\/div><\/div><div class=\"container row_section vc_row_p_30\"><div  class=\"vc_row wpb_row vc_row-fluid vc_column-gap-30 vc_row-69f71c42c52f1386724758\"   style=' text-align:left; z-index:0;'><div class=\"row-container container-fluid\"><div class=\"row-inner\"><div class=\"wpb_column vc_column_container vc_col-sm-12 vc_column_container_69f71c42c5446645243448\" style=\"z-index:0\"><div class=\"vc_column-inner\"><div class=\"wpb_wrapper\"><div class=\"vc_empty_space  vc_empty_space_7\"   style=\"height: 0px\" ><span class=\"vc_empty_space_inner\"><\/span><\/div>\r\n\r\n\t<div class=\"wpb_single_image wpb_single_image_8 wpb_content_element vc_align_left\">\r\n\t\t<div class=\"wpb_wrapper\">\r\n\t\t\t\r\n\t\t\t<div class=\"vc_single_image-wrapper   vc_box_border_grey\"><img loading=\"lazy\" decoding=\"async\" width=\"720\" height=\"400\" src=\"https:\/\/www.agroviva.com.tr\/wp-content\/uploads\/2025\/01\/vital-gluten.jpg\" class=\"vc_single_image-img attachment-full\" alt=\"Bu g\u00f6rselde, vital bu\u011fday gluteni toz halindeki yap\u0131s\u0131 ve do\u011fal formu net bir \u015fekilde g\u00f6r\u00fclmektedir. Vital bu\u011fday gluteni, bu\u011fdaydan elde edilen, y\u00fcksek protein i\u00e7eri\u011fine sahip bir \u00fcr\u00fcnd\u00fcr. Ekmek, pasta ve di\u011fer unlu mamullerin yap\u0131m\u0131nda k\u0131vam art\u0131r\u0131c\u0131 ve esneklik sa\u011flay\u0131c\u0131 olarak kullan\u0131l\u0131r. Ayn\u0131 zamanda vegan ve vejetaryen beslenmede protein kayna\u011f\u0131 olarak da tercih edilir. Vital gluten, hamurun mayalanma s\u00fcrecini destekler, \u00fcr\u00fcnlerin daha kabar\u0131k ve lezzetli olmas\u0131n\u0131 sa\u011flar. Do\u011fal ve fonksiyonel bir katk\u0131 maddesi olarak g\u0131da end\u00fcstrisinin vazge\u00e7ilmez bir par\u00e7as\u0131d\u0131r.\" title=\"vital-gluten\" srcset=\"https:\/\/www.agroviva.com.tr\/wp-content\/uploads\/2025\/01\/vital-gluten.jpg 720w, https:\/\/www.agroviva.com.tr\/wp-content\/uploads\/2025\/01\/vital-gluten-300x167.jpg 300w, https:\/\/www.agroviva.com.tr\/wp-content\/uploads\/2025\/01\/vital-gluten-18x10.jpg 18w, https:\/\/www.agroviva.com.tr\/wp-content\/uploads\/2025\/01\/vital-gluten-700x389.jpg 700w\" sizes=\"auto, (max-width: 720px) 100vw, 720px\" \/><\/div>\r\n\t\t<\/div>\r\n\t<\/div>\r\n<div class=\"vc_empty_space  vc_empty_space_9\"   style=\"height: 0px\" ><span class=\"vc_empty_space_inner\"><\/span><\/div>\r\n<div class=\"vc_custom_heading vc_custom_heading_69f71c42c5b80304331059\" ><h2 style=\"text-align: left;font-family:Abril Fatface;font-weight:400;font-style:normal\"><span class=\"hilight\"  >Vital Bu\u011fday Gluteni Besin De\u011ferleri<\/span><\/h2><\/div><div class=\"vc_empty_space  vc_empty_space_10\"   style=\"height: 0px\" ><span class=\"vc_empty_space_inner\"><\/span><\/div>\r\n\n\t<div class=\"wpb_text_column_11 wpb_text_column wpb_content_element\">\n\t\t<div class=\"wpb_wrapper\" >\n\t\t\t<p>\u00dcretilen bu\u011fday\u0131n protein i\u00e7eri\u011fiyle do\u011fru orant\u0131l\u0131 olarak bu\u011fday gluteninin protein de\u011ferleri farkl\u0131l\u0131k g\u00f6sterebilir. \u00dcretimde kullan\u0131lan bu\u011fdayda besin de\u011ferleri ne \u00f6l\u00e7\u00fcde ise bu\u011fday gluteninde de benzer oranda olacakt\u0131r. 100 gram vital bu\u011fday gluteninin yakla\u015f\u0131k besin de\u011ferleri \u015fu \u015fekildedir:<\/p>\n<ul>\n<li>Protein: Yakla\u015f\u0131k 75-80 gram<\/li>\n<li>Karbonhidrat: Yakla\u015f\u0131k 10-15 gram<\/li>\n<li>Ya\u011f: Yakla\u015f\u0131k 1-2 gram<\/li>\n<li>Lif: Yakla\u015f\u0131k 1-2 gram<\/li>\n<li>Kalsiyum: Yakla\u015f\u0131k 30-40 miligram<\/li>\n<li>Demir: Yakla\u015f\u0131k 35-70 miligram<\/li>\n<li>Potasyum: Yakla\u015f\u0131k 20-30 miligram<\/li>\n<\/ul>\n<p>Bu de\u011ferler tahmini bir aral\u0131kta verilmi\u015ftir. Kesin besin de\u011ferleri i\u00e7in \u00fcretici ile ileti\u015fime ge\u00e7erek daha kesin bilgi alabilirsiniz.<\/p>\n\n\t\t<\/div> \n\t<\/div> <div class=\"vc_empty_space  vc_empty_space_12\"   style=\"height: 0px\" ><span class=\"vc_empty_space_inner\"><\/span><\/div>\r\n<\/div><\/div><\/div><\/div><\/div><\/div><\/div><div class=\"container row_section vc_row_p_30\"><div  class=\"vc_row wpb_row vc_row-fluid vc_column-gap-30 vc_row-69f71c42c6077194446225\"   style=' text-align:left; z-index:0;'><div class=\"row-container container-fluid\"><div class=\"row-inner\"><div class=\"wpb_column vc_column_container vc_col-sm-12 vc_column_container_69f71c42c61f3527740523\" style=\"z-index:0\"><div class=\"vc_column-inner\"><div class=\"wpb_wrapper\"><div class=\"vc_empty_space  vc_empty_space_13\"   style=\"height: 0px\" ><span class=\"vc_empty_space_inner\"><\/span><\/div>\r\n<div class=\"vc_custom_heading vc_custom_heading_69f71c42c64b1897226304\" ><h2 style=\"text-align: left;font-family:Abril Fatface;font-weight:400;font-style:normal\"><span class=\"hilight\"  >G\u0131da Sekt\u00f6r\u00fcnde Bu\u011fday Gluteni<\/span><\/h2><\/div><div class=\"vc_empty_space  vc_empty_space_14\"   style=\"height: 0px\" ><span class=\"vc_empty_space_inner\"><\/span><\/div>\r\n\n\t<div class=\"wpb_text_column_15 wpb_text_column wpb_content_element\">\n\t\t<div class=\"wpb_wrapper\" >\n\t\t\t<p>Bu\u011fday gluteni vejetaryen ve vegan beslenme ba\u015fta olmak \u00fczere pek \u00e7ok g\u0131da \u00fcr\u00fcn\u00fcnde ek bile\u015fen olarak kullan\u0131lmaktad\u0131r. Bir g\u0131da \u00fcr\u00fcn\u00fcn\u00fcn protein miktar\u0131n\u0131n artt\u0131r\u0131lmas\u0131 isteniyorsa vital bu\u011fday gl\u00fcteni ilavesi ile yap\u0131labilir. Eklenen \u00fcr\u00fcn\u00fcn protein miktar\u0131n\u0131n artmas\u0131 yan\u0131nda besin de\u011ferlerininde zenginle\u015fmesine yard\u0131mc\u0131 olmaktad\u0131r.<\/p>\n<ul>\n<li>Ekmek, gevrek gibi unlu mamullerde yap\u0131y\u0131 g\u00fc\u00e7lendirmek, un kalitesini art\u0131rmak ve protein miktar\u0131n\u0131 art\u0131rmak i\u00e7in tercih edilir. Hacimli ve kabar\u0131k \u00fcr\u00fcn elde edilmesi sa\u011flan\u0131r.<\/li>\n<li>Makarna, noodle gibi \u00fcr\u00fcnlerde hamurun dayan\u0131kl\u0131l\u0131\u011f\u0131n\u0131 ve lezzetini art\u0131rd\u0131\u011f\u0131 i\u00e7in tercih edilir. Ayr\u0131ca \u00fcr\u00fcnlerin pi\u015firilirken elastisitesini ve dayan\u0131kl\u0131l\u0131\u011f\u0131n\u0131 korumas\u0131 sa\u011flan\u0131r. Besin de\u011ferleri art\u0131r\u0131lm\u0131\u015f olur.<\/li>\n<li>Sebzeli, etli, k\u00f6fteli yemeklerde g\u0131dalar\u0131n yap\u0131s\u0131n\u0131 g\u00fc\u00e7lendirmek ve ba\u011flama i\u015flemi i\u00e7in kullan\u0131labilmektedir.<\/li>\n<li>Gluten kayb\u0131n\u0131 \u00f6nlemek amac\u0131yla unlu mamullere dahil edilebilir. Un kalitesini b\u00fcy\u00fck \u00f6l\u00e7\u00fcde art\u0131ran \u00f6nemli bir ek kaynakt\u0131r.<\/li>\n<li>Son y\u0131llarda artan vegan beslenme d\u00fczeninde hayvansal g\u0131dalardan al\u0131namayan proteini bitkisel proteinler ile kar\u015f\u0131lanmas\u0131 i\u00e7in kullan\u0131l\u0131r.<\/li>\n<\/ul>\n<p>G\u00f6r\u00fcld\u00fc\u011f\u00fc \u00fczere \u00f6zellikle unlu mamuller ve hamur i\u015fi \u00fcr\u00fcnlerde s\u0131k\u00e7a kullan\u0131lmaktad\u0131r.<\/p>\n\n\t\t<\/div> \n\t<\/div> <div class=\"vc_empty_space  vc_empty_space_16\"   style=\"height: 0px\" ><span class=\"vc_empty_space_inner\"><\/span><\/div>\r\n<\/div><\/div><\/div><\/div><\/div><\/div><\/div><div class=\"container row_section vc_row_p_30\"><div  class=\"vc_row wpb_row vc_row-fluid vc_column-gap-30 vc_row-69f71c42c6976860297041\"   style=' text-align:left; z-index:0;'><div class=\"row-container container-fluid\"><div class=\"row-inner\"><div class=\"wpb_column vc_column_container vc_col-sm-12 vc_column_container_69f71c42c6adc704931809\" style=\"z-index:0\"><div class=\"vc_column-inner\"><div class=\"wpb_wrapper\"><div class=\"vc_empty_space  vc_empty_space_17\"   style=\"height: 0px\" ><span class=\"vc_empty_space_inner\"><\/span><\/div>\r\n\r\n\t<div class=\"wpb_single_image wpb_single_image_18 wpb_content_element vc_align_left\">\r\n\t\t<div class=\"wpb_wrapper\">\r\n\t\t\t\r\n\t\t\t<div class=\"vc_single_image-wrapper   vc_box_border_grey\"><img loading=\"lazy\" decoding=\"async\" width=\"720\" height=\"500\" src=\"https:\/\/www.agroviva.com.tr\/wp-content\/uploads\/2025\/01\/vital-wheat-gluten.jpg\" class=\"vc_single_image-img attachment-full\" alt=\"vital wheat gluten\" title=\"vital-wheat-gluten\" srcset=\"https:\/\/www.agroviva.com.tr\/wp-content\/uploads\/2025\/01\/vital-wheat-gluten.jpg 720w, https:\/\/www.agroviva.com.tr\/wp-content\/uploads\/2025\/01\/vital-wheat-gluten-300x208.jpg 300w, https:\/\/www.agroviva.com.tr\/wp-content\/uploads\/2025\/01\/vital-wheat-gluten-18x12.jpg 18w, https:\/\/www.agroviva.com.tr\/wp-content\/uploads\/2025\/01\/vital-wheat-gluten-700x486.jpg 700w\" sizes=\"auto, (max-width: 720px) 100vw, 720px\" \/><\/div>\r\n\t\t<\/div>\r\n\t<\/div>\r\n<div class=\"vc_empty_space  vc_empty_space_19\"   style=\"height: 0px\" ><span class=\"vc_empty_space_inner\"><\/span><\/div>\r\n<div class=\"vc_custom_heading vc_custom_heading_69f71c42c733c084879445\" ><h2 style=\"text-align: left;font-family:Abril Fatface;font-weight:400;font-style:normal\"><span class=\"hilight\"  >Yem Sekt\u00f6r\u00fcnde Ek Besin Kayna\u011f\u0131 Vital Bu\u011fday Gluteni<\/span><\/h2><\/div><div class=\"vc_empty_space  vc_empty_space_20\"   style=\"height: 0px\" ><span class=\"vc_empty_space_inner\"><\/span><\/div>\r\n\n\t<div class=\"wpb_text_column_21 wpb_text_column wpb_content_element\">\n\t\t<div class=\"wpb_wrapper\" >\n\t\t\t<p>Vital bu\u011fday gluteni, yem sekt\u00f6r\u00fcnde, \u00f6zellikle ticari bal\u0131k \u00fcretiminde etkili bir besin kayna\u011f\u0131 olarak \u00f6ne \u00e7\u0131k\u0131yor. Protein zenginli\u011fi ile bilinen bu biles\u015fen, bal\u0131k yemlerinde besin de\u011ferini art\u0131r\u0131r ve ticari bal\u0131k \u00fcretiminde \u00e7ok y\u00f6nl\u00fc bir bile\u015fen olarak kullan\u0131l\u0131r.<\/p>\n<p>Ticari bal\u0131k \u00fcretiminde vital bu\u011fday gluteni, yemlerin protein i\u00e7eri\u011fini y\u00fcksek seviyelere \u00e7\u0131kartarak bal\u0131klar\u0131n daha h\u0131zl\u0131 ve sa\u011fl\u0131kl\u0131 b\u00fcy\u00fcmesini sa\u011flar. Ayn\u0131 zamanda, yemlerin sindirilebilirli\u011fini art\u0131r\u0131r ve besinlerin daha etkin \u015fekilde kullan\u0131lmas\u0131na olanak tan\u0131r. Bal\u0131klar\u0131n kas geli\u015fimini destekleyerek daha kaliteli \u00fcr\u00fcn elde edilmesine katk\u0131da bulunur.<\/p>\n<p>Vital bu\u011fday gluteni, bal\u0131k yemlerinin \u00fcretiminde peletleme s\u00fcrecini de kolayla\u015ft\u0131r\u0131r. Yemlerin \u015feklini ve dayan\u0131kl\u0131l\u0131\u011f\u0131n\u0131 geli\u015ftirerek suya b\u0131rak\u0131ld\u0131\u011f\u0131nda \u00e7\u00f6z\u00fclmelerini geciktirir. Bu da hem yem israf\u0131n\u0131 azalt\u0131r hem de su kalitesinin korunmas\u0131na yard\u0131mc\u0131 olur.<\/p>\n<p>Ticari bal\u0131k \u00fcretiminde vital bu\u011fday gluteni, maliyetleri optimize ederken bal\u0131klar\u0131n beslenme dengesini sa\u011flamaya y\u00f6nelik \u00e7\u00f6z\u00fcmler sunar. Do\u011fru kullan\u0131mla, bal\u0131k yemi sekt\u00f6r\u00fcnde hem verimlili\u011fi hem de kaliteyi art\u0131rmak m\u00fcmk\u00fcn hale gelir. Bu nedenle, vital bu\u011fday gluteni, ticari bal\u0131k \u00fcretiminde stratejik bir bile\u015fen olarak yerini alm\u0131\u015ft\u0131r.<\/p>\n\n\t\t<\/div> \n\t<\/div> <div class=\"vc_empty_space  vc_empty_space_22\"   style=\"height: 0px\" ><span class=\"vc_empty_space_inner\"><\/span><\/div>\r\n<\/div><\/div><\/div><\/div><\/div><\/div><\/div><div class=\"container row_section vc_row_p_30\"><div  class=\"vc_row wpb_row vc_row-fluid vc_column-gap-30 vc_row-69f71c42c780f858493697\"   style=' text-align:left; z-index:0;'><div class=\"row-container container-fluid\"><div class=\"row-inner\"><div class=\"wpb_column vc_column_container vc_col-sm-12 vc_column_container_69f71c42c7996222497475\" style=\"z-index:0\"><div class=\"vc_column-inner\"><div class=\"wpb_wrapper\"><div class=\"vc_empty_space  vc_empty_space_23\"   style=\"height: 0px\" ><span class=\"vc_empty_space_inner\"><\/span><\/div>\r\n<div class=\"vc_custom_heading vc_custom_heading_69f71c42c7bfb272888224\" ><h2 style=\"text-align: left;font-family:Abril Fatface;font-weight:400;font-style:normal\"><span class=\"hilight\"  >Bu\u011fday Gluteni Faydalar\u0131<\/span><\/h2><\/div><div class=\"vc_empty_space  vc_empty_space_24\"   style=\"height: 0px\" ><span class=\"vc_empty_space_inner\"><\/span><\/div>\r\n\n\t<div class=\"wpb_text_column_25 wpb_text_column wpb_content_element\">\n\t\t<div class=\"wpb_wrapper\" >\n\t\t\t<ul>\n<li>Ekmek ve t\u00fcrl\u00fc hamur i\u015fi yap\u0131mlar\u0131nda elastik yap\u0131y\u0131 ve hacmi art\u0131r\u0131r.<\/li>\n<li>Yap\u0131\u015fkanl\u0131\u011f\u0131 art\u0131rd\u0131\u011f\u0131ndan g\u0131da \u00fcr\u00fcnleri i\u00e7in ba\u011flay\u0131c\u0131 \u00f6zelliktedir.<\/li>\n<li>Hamurun elastik yap\u0131s\u0131n\u0131 art\u0131rarak \u00fcretim esnas\u0131nda dayan\u0131kl\u0131 kalmas\u0131n\u0131 sa\u011flar.<\/li>\n<li>Y\u00fcksek protein i\u00e7ermesi nedeniyle hayvansal g\u0131da t\u00fcketmeyen bireylerin diyet listelerine eklenebilmektedir.<\/li>\n<li>Unlu mamullerde doyuruculuk hissini art\u0131r\u0131r.<\/li>\n<li>Makarna, noodle gibi \u00fcr\u00fcnlerde dayan\u0131kl\u0131l\u0131\u011f\u0131 y\u00fckseltir.<\/li>\n<li>Hamurun daha iyi kabarmas\u0131n\u0131 sa\u011flar.<\/li>\n<li>Hamur \u00fcr\u00fcnlerinin daha \u00e7\u0131t\u0131r olmas\u0131n\u0131 sa\u011flar.<\/li>\n<li>\u00dcr\u00fcnlerde lezzet art\u0131r\u0131c\u0131 bir etkisi mevcuttur.<\/li>\n<\/ul>\n\n\t\t<\/div> \n\t<\/div> <div class=\"vc_empty_space  vc_empty_space_26\"   style=\"height: 0px\" ><span class=\"vc_empty_space_inner\"><\/span><\/div>\r\n<\/div><\/div><\/div><\/div><\/div><\/div><\/div><div class=\"container row_section vc_row_p_30\"><div  class=\"vc_row wpb_row vc_row-fluid vc_column-gap-30 vc_row-69f71c42c80a4656718262\"   style=' text-align:left; z-index:0;'><div class=\"row-container container-fluid\"><div class=\"row-inner\"><div class=\"wpb_column vc_column_container vc_col-sm-12 vc_column_container_69f71c42c8219669917887\" style=\"z-index:0\"><div class=\"vc_column-inner\"><div class=\"wpb_wrapper\"><div class=\"vc_empty_space  vc_empty_space_27\"   style=\"height: 0px\" ><span class=\"vc_empty_space_inner\"><\/span><\/div>\r\n<div class=\"vc_custom_heading vc_custom_heading_69f71c42c8492489225490\" ><h2 style=\"text-align: left;font-family:Abril Fatface;font-weight:400;font-style:normal\"><span class=\"hilight\"  >Vital Bu\u011fday Gluteni Fiyatlar\u0131<\/span><\/h2><\/div><div class=\"vc_empty_space  vc_empty_space_28\"   style=\"height: 0px\" ><span class=\"vc_empty_space_inner\"><\/span><\/div>\r\n\n\t<div class=\"wpb_text_column_29 wpb_text_column wpb_content_element\">\n\t\t<div class=\"wpb_wrapper\" >\n\t\t\t<p>Senelik bu\u011fday \u00fcretimi, b\u00f6lgesel \u00fcretim ko\u015fullar\u0131, ekonomik dalgalanmalar, \u00fclkeler aras\u0131 ticaret uygulamalar\u0131 <strong>bu\u011fday gluteni fiyatlar\u0131 <\/strong>\u00fczerinde etkili fakt\u00f6rlerdir. Ayr\u0131ca \u00fcretici politikalar\u0131, ambalaj kalitesi, organik \u00fcretim gibi pek \u00e7ok etken de fiyatlarda de\u011fi\u015fiklik sebebidir. Toptan al\u0131mlarda fiyatlar daha uygun olabilmektedir.<\/p>\n<p>Vital gluten hakk\u0131nda daha fazla bilgi edinmek ve do\u011fru se\u00e7im yapmak ve bilin\u00e7li kararlar vermek i\u00e7in <a href=\"https:\/\/www.agroviva.com.tr\/en\/iletisim\/\">ileti\u015fim formu<\/a>, <a href=\"https:\/\/www.instagram.com\/agrovivagida\/\" rel=\"nofollow noopener\" target=\"_blank\">sosyal medya<\/a> kanallar\u0131 ya da telefon ile bizimle ileti\u015fime ge\u00e7ebilirsiniz.<\/p>\n<p>&nbsp;<\/p>\n<p><em>Referanslar: Vital Glutenin End\u00fcstriyel ve Beslenmedeki Rol\u00fc.<\/em>\u00a0 <a title=\"Vital Glutenin End\u00fcstriyel ve Beslenmedeki Rol\u00fc\" href=\"https:\/\/ekmekcilikokulu.com\/vital-gluten\/\" rel=\"nofollow noopener\" target=\"_blank\">link<\/a><\/p>\n\n\t\t<\/div> \n\t<\/div> <div class=\"vc_empty_space  vc_empty_space_30\"   style=\"height: 0px\" ><span class=\"vc_empty_space_inner\"><\/span><\/div>\r\n<\/div><\/div><\/div><\/div><\/div><\/div><\/div><div class=\"container row_section vc_row_p_30\"><div  class=\"vc_row wpb_row vc_row-fluid vc_column-gap-30 vc_row-69f71c42c8903897819022\"   style=' text-align:left; z-index:0;'><div class=\"row-container container-fluid\"><div class=\"row-inner\"><div class=\"wpb_column vc_column_container vc_col-sm-12 vc_column_container_69f71c42c8ae1933124289\" style=\"z-index:0\"><div class=\"vc_column-inner\"><div class=\"wpb_wrapper\"><div class=\"rdy_button_align center\"  data-animation-class=\"fadeInUp2\"><a href=\"https:\/\/www.agroviva.com.tr\/en\/teklifal\/\" class=\"rdy_button  large amination-outside animate-element dark flat-dimension button-31\" style=\"border-width: 2px!important; border-radius: 1px;-moz-border-radius: 1px;-webkit-border-radius: 1px; \" data-animation-class=\"fadeInUp2\"><span>Bilgi Al<\/span><\/a><\/div><\/div><\/div><\/div><\/div><\/div><\/div><\/div>\n<\/section>","protected":false},"excerpt":{"rendered":"Vital gluten di\u011fer ad\u0131 ile bu\u011fday gluteni bu\u011fdaydan \u00fcretilen ve un kadar ince gran\u00fcl yap\u0131ya sahip y\u00fcksek kaliteli bu\u011fday proteinidir. Gluten arpa, \u00e7avdar ve yulaf gibi tah\u0131l gruplar\u0131nda mevcut fakat [...]","protected":false},"author":1,"featured_media":13123,"parent":0,"menu_order":0,"comment_status":"closed","ping_status":"closed","template":"","meta":{"footnotes":""},"class_list":["post-12775","page","type-page","status-publish","has-post-thumbnail","hentry"],"_links":{"self":[{"href":"https:\/\/www.agroviva.com.tr\/en\/wp-json\/wp\/v2\/pages\/12775","targetHints":{"allow":["GET"]}}],"collection":[{"href":"https:\/\/www.agroviva.com.tr\/en\/wp-json\/wp\/v2\/pages"}],"about":[{"href":"https:\/\/www.agroviva.com.tr\/en\/wp-json\/wp\/v2\/types\/page"}],"author":[{"embeddable":true,"href":"https:\/\/www.agroviva.com.tr\/en\/wp-json\/wp\/v2\/users\/1"}],"replies":[{"embeddable":true,"href":"https:\/\/www.agroviva.com.tr\/en\/wp-json\/wp\/v2\/comments?post=12775"}],"version-history":[{"count":10,"href":"https:\/\/www.agroviva.com.tr\/en\/wp-json\/wp\/v2\/pages\/12775\/revisions"}],"predecessor-version":[{"id":13549,"href":"https:\/\/www.agroviva.com.tr\/en\/wp-json\/wp\/v2\/pages\/12775\/revisions\/13549"}],"wp:featuredmedia":[{"embeddable":true,"href":"https:\/\/www.agroviva.com.tr\/en\/wp-json\/wp\/v2\/media\/13123"}],"wp:attachment":[{"href":"https:\/\/www.agroviva.com.tr\/en\/wp-json\/wp\/v2\/media?parent=12775"}],"curies":[{"name":"wp","href":"https:\/\/api.w.org\/{rel}","templated":true}]}}