{"id":13215,"date":"2025-01-28T12:53:12","date_gmt":"2025-01-28T09:53:12","guid":{"rendered":"https:\/\/www.agroviva.com.tr\/arpa-2\/"},"modified":"2025-01-30T11:10:24","modified_gmt":"2025-01-30T08:10:24","slug":"arpa-2","status":"publish","type":"page","link":"https:\/\/www.agroviva.com.tr\/en\/arpa-2\/","title":{"rendered":"Barley"},"content":{"rendered":"<section class=\"wpb-content-wrapper\"><div class=\"container row_section vc_row_p_30\"><div  class=\"vc_row wpb_row vc_row-fluid vc_column-gap-30 vc_row-69f715a2d3bd9673292753\"   style=' text-align:left; z-index:0;'><div class=\"row-container container-fluid\"><div class=\"row-inner\"><div class=\"wpb_column vc_column_container vc_col-sm-12 vc_column_container_69f715a2d3f77647333525\" style=\"z-index:0\"><div class=\"vc_column-inner\"><div class=\"wpb_wrapper\"><div class=\"vc_empty_space  vc_empty_space_1\"   style=\"height: 30px\" ><span class=\"vc_empty_space_inner\"><\/span><\/div>\r\n\n\t<div class=\"wpb_text_column_2 wpb_text_column wpb_content_element\">\n\t\t<div class=\"wpb_wrapper\" >\n\t\t\t<p>Arpa, bu\u011fdaygiller familyas\u0131ndan tek y\u0131ll\u0131k di\u011fer k\u0131ymetli tah\u0131l \u00fcr\u00fcn\u00fcd\u00fcr. \u00dclkemizde iki \u00e7e\u015fidi bulunan arpa \u201cbeyaz arpa\u201d ve \u201ckara arpa\u201d olarak iki farkl\u0131 \u00e7e\u015fit ile tar\u0131m\u0131 yap\u0131lmaktad\u0131r. Yap\u0131 itibariyle protein oran\u0131 olduk\u00e7a d\u00fc\u015f\u00fckt\u00fcr. \u00a0Hem g\u0131da sekt\u00f6r\u00fcnde hem de hayvan yemi end\u00fcstrisinde yayg\u0131n kullan\u0131lan arpa bu\u011fday gibi de\u011ferli bir tah\u0131l \u00fcr\u00fcn\u00fcd\u00fcr. D\u00fcnya genelinde ve \u00fclkemizde yayg\u0131n \u00fcretimi mevcuttur. Elde edilen arpan\u0131n b\u00fcy\u00fck bir k\u0131sm\u0131 hayvan yemi \u00fcretimde kullan\u0131l\u0131rken bir k\u0131sm\u0131 da g\u0131da ya da malt sekt\u00f6r\u00fcnde de\u011ferlendirilir. Hayvan yemi olarak kullan\u0131lan arpalar\u0131n protein de\u011ferinin daha y\u00fcksek olmas\u0131 beklenmektedir. Malt yap\u0131m\u0131nda ise taneler nemlendirilerek filizlendirilir. Ard\u0131ndan filizlenmi\u015f taneler kurutularak olu\u015fturulan malt bira \u00fcretiminin temel ta\u015f\u0131d\u0131r.<\/p>\n<p><a href=\"https:\/\/www.agroviva.com.tr\/en\/bugday\/\">Wheat<\/a> kadar verimli olmamas\u0131 sebebiyle verimsiz topraklarda ekimi daha fazla yap\u0131lmaktad\u0131r. Bu\u011fdaya benzer bir hizmet gerekir ama bu\u011fdaya nazaran daha k\u0131sa s\u00fcrede olgunla\u015f\u0131p hasat edilebilir duruma gelmektedir.<\/p>\n\n\t\t<\/div> \n\t<\/div> <div class=\"vc_empty_space  vc_empty_space_3\"   style=\"height: 30px\" ><span class=\"vc_empty_space_inner\"><\/span><\/div>\r\n<div class=\"vc_custom_heading vc_custom_heading_69f715a2d4583130746481\" ><h2 style=\"text-align: left;font-family:Abril Fatface;font-weight:400;font-style:normal\"><span class=\"hilight\"  >Malt \u00dcretimi Nas\u0131l Ger\u00e7ekle\u015fir?<\/span><\/h2><\/div><div class=\"vc_empty_space  vc_empty_space_4\"   style=\"height: 30px\" ><span class=\"vc_empty_space_inner\"><\/span><\/div>\r\n\n\t<div class=\"wpb_text_column_5 wpb_text_column wpb_content_element\">\n\t\t<div class=\"wpb_wrapper\" >\n\t\t\t<p>Arpa taneleri malt yap\u0131m\u0131 i\u00e7in incelikli bir s\u00fcrece tabi tutulur. \u00d6nce nemlendirilerek filizlenmeye b\u0131rak\u0131l\u0131r. Filizlenme d\u00f6neminde arpa tanelerinin i\u00e7indeki ni\u015fasta, mayalar taraf\u0131ndan fermante edildi\u011finde \u00e7\u00f6z\u00fcnebilecek hale getirilir. Filizlenme ard\u0131ndan kurutma a\u015famas\u0131na ge\u00e7ilir ve taneler kurutulur. Kurutulan arpa taneleri d\u00f6\u015feme i\u015flemine al\u0131n\u0131r. F\u0131r\u0131nlanarak veya hava ak\u0131m\u0131 ile \u0131s\u0131t\u0131larak malt\u0131n son halini al\u0131rlar. Bu a\u015famada istenilen lezzet ve renk elde edilir. Son ad\u0131mda ise maltlanan arpa \u00f6\u011f\u00fct\u00fclerek istenilen boyuta getirilir ve sat\u0131\u015fa haz\u0131r hale gelir.<\/p>\n<div id=\"gtx-trans\" style=\"position: absolute; left: 255px; top: 38.2461px;\">\n<div class=\"gtx-trans-icon\"><\/div>\n<\/div>\n\n\t\t<\/div> \n\t<\/div> <div class=\"vc_empty_space  vc_empty_space_6\"   style=\"height: 30px\" ><span class=\"vc_empty_space_inner\"><\/span><\/div>\r\n<div class=\"vc_custom_heading vc_custom_heading_69f715a2d4f88795619253\" ><h2 style=\"text-align: left;font-family:Abril Fatface;font-weight:400;font-style:normal\"><span class=\"hilight\"  >Arpa Kullan\u0131m Alanlar\u0131<\/span><\/h2><\/div><div class=\"vc_empty_space  vc_empty_space_7\"   style=\"height: 30px\" ><span class=\"vc_empty_space_inner\"><\/span><\/div>\r\n\n\t<div class=\"wpb_text_column_8 wpb_text_column wpb_content_element\">\n\t\t<div class=\"wpb_wrapper\" >\n\t\t\t<ul>\n<li>G\u0131da sekt\u00f6r\u00fc<\/li>\n<li>Bira \u00fcretimi<\/li>\n<li>Hayvan yemi<\/li>\n<\/ul>\n<p>Yukar\u0131daki sekt\u00f6rlerde yo\u011fun \u015fekilde kullan\u0131lmas\u0131 nedeniyle tar\u0131m sekt\u00f6r\u00fcnde \u00f6nemli bir yere sahiptir.<\/p>\n<div id=\"gtx-trans\" style=\"position: absolute; left: 217px; top: 62.2305px;\">\n<div class=\"gtx-trans-icon\"><\/div>\n<\/div>\n\n\t\t<\/div> \n\t<\/div> <div class=\"vc_empty_space  vc_empty_space_9\"   style=\"height: 30px\" ><span class=\"vc_empty_space_inner\"><\/span><\/div>\r\n<div class=\"vc_custom_heading vc_custom_heading_69f715a2d5720849947350\" ><h2 style=\"text-align: left;font-family:Abril Fatface;font-weight:400;font-style:normal\"><span class=\"hilight\"  >Hayvan Yemi End\u00fcstrisinde Arpa (Yemlik Arpa)<\/span><\/h2><\/div><div class=\"vc_empty_space  vc_empty_space_10\"   style=\"height: 30px\" ><span class=\"vc_empty_space_inner\"><\/span><\/div>\r\n\n\t<div class=\"wpb_text_column_11 wpb_text_column wpb_content_element\">\n\t\t<div class=\"wpb_wrapper\" >\n\t\t\t<p><strong>Yemlik arpa<\/strong> bir\u00e7ok hayvan t\u00fcr\u00fc i\u00e7in \u00f6nemli bir tah\u0131l \u00fcr\u00fcn\u00fc ve bir\u00e7ok faydas\u0131 vard\u0131r. A\u015fa\u011f\u0131daki hayvan t\u00fcrleri ba\u015fta olmak \u00fczere <strong>arpa yemlik<\/strong> olarak pek \u00e7ok hayvan i\u00e7in tercih edilir.<\/p>\n<ul>\n<li><strong>S\u0131\u011f\u0131rlarda, <\/strong>y\u00fcksek enerji i\u00e7ermesi ve geli\u015fimlerini desteklemeleri sebebiyle s\u0131kl\u0131kla yem bile\u015feni olarak tercih edilir. Ayr\u0131ca s\u0131\u011f\u0131rlarda arpa t\u00fcketiminin sindirim sa\u011fl\u0131\u011f\u0131n\u0131 olumlu y\u00f6nde etkiledi\u011fi g\u00f6zlenmi\u015ftir. Rumen mikrofloras\u0131n\u0131 dengede tutarak metabolizmaya destek olur.<\/li>\n<li><strong>Koyunlarda, <\/strong>arpa yem olarak s\u0131k\u00e7a kullan\u0131l\u0131r. De\u011ferli bir enerji kayna\u011f\u0131 olmas\u0131 ve sindirim sistemine olumlu etkileri sebebiyle tercih edilmektedir. Ayr\u0131ca arpan\u0131n yem olarak kullan\u0131lmas\u0131, koyunlarda y\u00fcn ve et kalitesini art\u0131rabilmektedir.<\/li>\n<li><strong>Tavuklar: <\/strong>Arpa tavuklar i\u00e7in en \u00e7ok enerji kayna\u011f\u0131 olmas\u0131 nedeniyle tercih edilir. Besleyici \u00f6zelliklerinin yan\u0131 s\u0131ra ayn\u0131 zamanda tavuklarda yumurta \u00fcretimini ve et kalitesini art\u0131rmaktad\u0131r.<\/li>\n<\/ul>\n\n\t\t<\/div> \n\t<\/div> <div class=\"vc_empty_space  vc_empty_space_12\"   style=\"height: 30px\" ><span class=\"vc_empty_space_inner\"><\/span><\/div>\r\n<div class=\"vc_custom_heading vc_custom_heading_69f715a2d5f88895198839\" ><h2 style=\"text-align: left;font-family:Abril Fatface;font-weight:400;font-style:normal\"><span class=\"hilight\"  >Kullan\u0131m Alanlar\u0131<\/span><\/h2><\/div><div class=\"vc_empty_space  vc_empty_space_13\"   style=\"height: 30px\" ><span class=\"vc_empty_space_inner\"><\/span><\/div>\r\n\n\t<div class=\"wpb_text_column_14 wpb_text_column wpb_content_element\">\n\t\t<div class=\"wpb_wrapper\" >\n\t\t\t<ul>\n<li><strong>Tekstil End\u00fcstrisi: <\/strong>Ni\u015fasta bazl\u0131 yap\u0131\u015ft\u0131r\u0131c\u0131larda, kaplama i\u015flemlerinde, y\u00fczey kaplamalar\u0131, kaps\u00fcl dolgu maddeleri ve \u00e7e\u015fitli tekstil boyalar\u0131nda de\u011ferlendirilir.<\/li>\n<li><strong>Kozmetik End\u00fcstri:<\/strong> Baz\u0131 kozmetik \u00fcr\u00fcnlerde ba\u011flay\u0131c\u0131, kal\u0131nla\u015ft\u0131r\u0131c\u0131 olarak kullan\u0131labilmektedir.<\/li>\n<li><strong>G\u0131da End\u00fcstrisi:<\/strong> K\u0131vam artt\u0131r\u0131c\u0131, ba\u011flay\u0131c\u0131 ve stabilizat\u00f6r olarak de\u011ferlendirilmektedir.<\/li>\n<li><strong>K\u00e2\u011f\u0131t End\u00fcstrisi:<\/strong> K\u00e2\u011f\u0131t \u00fcretim s\u00fcrecinde yap\u0131\u015ft\u0131r\u0131c\u0131 form\u00fclasyonlar\u0131nda yer alabilir.<\/li>\n<li><strong>Farmas\u00f6tik End\u00fcstri: <\/strong>\u00c7e\u015fitli ila\u00e7 ve t\u0131bbi \u00fcr\u00fcnlerin form\u00fclasyonlar\u0131nda ba\u011flay\u0131c\u0131 madde olarak de\u011ferlendirilir.<\/li>\n<\/ul>\n\n\t\t<\/div> \n\t<\/div> <div class=\"vc_empty_space  vc_empty_space_15\"   style=\"height: 30px\" ><span class=\"vc_empty_space_inner\"><\/span><\/div>\r\n<div class=\"vc_custom_heading vc_custom_heading_69f715a2d6628436144195\" ><h2 style=\"text-align: left;font-family:Abril Fatface;font-weight:400;font-style:normal\"><span class=\"hilight\"  >Detayl\u0131 bilgi ve fiyat almak i\u00e7in ileti\u015fime ge\u00e7iniz.<\/span><\/h2><\/div><div class=\"vc_empty_space  vc_empty_space_16\"   style=\"height: 30px\" ><span class=\"vc_empty_space_inner\"><\/span><\/div>\r\n\r\n\t<div class=\"wpb_single_image wpb_single_image_17 wpb_content_element vc_align_center\">\r\n\t\t<div class=\"wpb_wrapper\">\r\n\t\t\t\r\n\t\t\t<div class=\"vc_single_image-wrapper   vc_box_border_grey\"><img loading=\"lazy\" decoding=\"async\" width=\"720\" height=\"400\" src=\"https:\/\/www.agroviva.com.tr\/wp-content\/uploads\/2025\/01\/arpa.jpg\" class=\"vc_single_image-img attachment-full\" alt=\"arpa\" title=\"arpa\" srcset=\"https:\/\/www.agroviva.com.tr\/wp-content\/uploads\/2025\/01\/arpa.jpg 720w, https:\/\/www.agroviva.com.tr\/wp-content\/uploads\/2025\/01\/arpa-300x167.jpg 300w, https:\/\/www.agroviva.com.tr\/wp-content\/uploads\/2025\/01\/arpa-18x10.jpg 18w, https:\/\/www.agroviva.com.tr\/wp-content\/uploads\/2025\/01\/arpa-700x389.jpg 700w\" sizes=\"auto, (max-width: 720px) 100vw, 720px\" \/><\/div>\r\n\t\t<\/div>\r\n\t<\/div>\r\n<div class=\"vc_empty_space  vc_empty_space_18\"   style=\"height: 30px\" ><span class=\"vc_empty_space_inner\"><\/span><\/div>\r\n<div class=\"vc_custom_heading vc_custom_heading_69f715a2d71ae190766112\" ><h2 style=\"text-align: left;font-family:Abril Fatface;font-weight:400;font-style:normal\"><span class=\"hilight\"  >Besin De\u011ferleri<\/span><\/h2><\/div><div class=\"vc_empty_space  vc_empty_space_19\"   style=\"height: 30px\" ><span class=\"vc_empty_space_inner\"><\/span><\/div>\r\n\n\t<div class=\"wpb_text_column_20 wpb_text_column wpb_content_element\">\n\t\t<div class=\"wpb_wrapper\" >\n\t\t\t<p>Arpa t\u00fcr\u00fcne, kalitesine ve \u00fcretim ko\u015fullar\u0131na ba\u011fl\u0131 olarak besin de\u011ferleri de\u011fi\u015fkenlik g\u00f6sterebilir. 100 gram arpadaki besin de\u011ferleri yakla\u015f\u0131k olarak a\u015fa\u011f\u0131da belirtildi\u011fi gibidir:<\/p>\n<ul>\n<li>Enerji: Yakla\u015f\u0131k 352 kcal<\/li>\n<li>Protein: Yakla\u015f\u0131k 12 gram<\/li>\n<li>Ya\u011f: Yakla\u015f\u0131k 2 gram<\/li>\n<li>Karbonhidrat: Yakla\u015f\u0131k 73 gram<\/li>\n<li>Lif: Yakla\u015f\u0131k 17 gram<\/li>\n<li>\u015eeker: Yakla\u015f\u0131k 0 gram<\/li>\n<li>Kalsiyum: Yakla\u015f\u0131k 34 mg<\/li>\n<li>Demir: Yakla\u015f\u0131k 2,5 mg<\/li>\n<li>Magnezyum: Yakla\u015f\u0131k 133 mg<\/li>\n<li>Fosfor: Yakla\u015f\u0131k 242 mg<\/li>\n<li>Potasyum: Yakla\u015f\u0131k 452 mg<\/li>\n<li>Sodyum: Yakla\u015f\u0131k 12 mg<\/li>\n<li>\u00c7inko: Yakla\u015f\u0131k 2,77 mg<\/li>\n<li>Bak\u0131r: Yakla\u015f\u0131k 0,42 mg<\/li>\n<li>Manganez: Yakla\u015f\u0131k 3,86 mg<\/li>\n<li>Selenyum: Yakla\u015f\u0131k 48,4 \u00b5g<\/li>\n<li>B1 Vitamini (Tiamin): Yakla\u015f\u0131k 0,4 mg<\/li>\n<li>B2 Vitamini (Riboflavin): Yakla\u015f\u0131k 0,21 mg<\/li>\n<li>B3 Vitamini (Niasin): Yakla\u015f\u0131k 4,6 mg<\/li>\n<li>B5 Vitamini (Pantotenik Asit): Yakla\u015f\u0131k 1,1 mg<\/li>\n<li>B6 Vitamini (Piridoksin): Yakla\u015f\u0131k 0,49 mg<\/li>\n<li>Folat: Yakla\u015f\u0131k 19 \u00b5g<\/li>\n<li>A Vitamini: Yakla\u015f\u0131k 0 IU<\/li>\n<li>C Vitamini: Yakla\u015f\u0131k 0 mg<\/li>\n<li>Kolesterol: Yakla\u015f\u0131k 0 mg<\/li>\n<\/ul>\n\n\t\t<\/div> \n\t<\/div> <div class=\"vc_empty_space  vc_empty_space_21\"   style=\"height: 30px\" ><span class=\"vc_empty_space_inner\"><\/span><\/div>\r\n<div class=\"vc_custom_heading vc_custom_heading_69f715a2d768f580506566\" ><h2 style=\"text-align: left;font-family:Abril Fatface;font-weight:400;font-style:normal\"><span class=\"hilight\"  >Arpa \u00c7e\u015fitleri ve T\u00fcrkiye'deki \u00dcretim B\u00f6lgeleri<\/span><\/h2><\/div><div class=\"vc_empty_space  vc_empty_space_22\"   style=\"height: 30px\" ><span class=\"vc_empty_space_inner\"><\/span><\/div>\r\n\n\t<div class=\"wpb_text_column_23 wpb_text_column wpb_content_element\">\n\t\t<div class=\"wpb_wrapper\" >\n\t\t\t<p>Arpa, T\u00fcrkiye&#8217;de tar\u0131m\u0131n \u00f6nemli bir par\u00e7as\u0131d\u0131r ve farkl\u0131 t\u00fcrleriyle geni\u015f bir kullan\u0131m alan\u0131na sahiptir. \u0130ki s\u0131ral\u0131 (hordeum distichum) ve alt\u0131 s\u0131ral\u0131 (hordeum vulgare) \u00e7e\u015fitleri, \u00f6zellikle hayvan yemi, bira \u00fcretimi ve g\u0131da sanayisinde tercih edilmektedir. \u0130\u00e7 Anadolu B\u00f6lgesi, T\u00fcrkiye&#8217;deki \u00fcretiminin yakla\u015f\u0131k %60&#8217;\u0131n\u0131 kar\u015f\u0131layarak lider konumdad\u0131r. Ayr\u0131ca G\u00fcneydo\u011fu Anadolu, Marmara ve Ege b\u00f6lgeleri de y\u00fcksek verimlilikte \u00fcretim yapmaktad\u0131r. Arpa, kurak ko\u015fullara dayan\u0131kl\u0131l\u0131\u011f\u0131 sayesinde \u00e7ift\u00e7iler i\u00e7in ekonomik bir \u00fcr\u00fcn olmay\u0131 s\u00fcrd\u00fcrmektedir.<\/p>\n\n\t\t<\/div> \n\t<\/div> <div class=\"vc_empty_space  vc_empty_space_24\"   style=\"height: 30px\" ><span class=\"vc_empty_space_inner\"><\/span><\/div>\r\n<div class=\"vc_empty_space  vc_empty_space_25\"   style=\"height: 30px\" ><span class=\"vc_empty_space_inner\"><\/span><\/div>\r\n<div class=\"vc_custom_heading vc_custom_heading_69f715a2d7ebc281148157\" ><h2 style=\"text-align: left;font-family:Abril Fatface;font-weight:400;font-style:normal\"><span class=\"hilight\"  >Arpa Fiyatlar\u0131<\/span><\/h2><\/div><div class=\"vc_empty_space  vc_empty_space_26\"   style=\"height: 30px\" ><span class=\"vc_empty_space_inner\"><\/span><\/div>\r\n\n\t<div class=\"wpb_text_column_27 wpb_text_column wpb_content_element\">\n\t\t<div class=\"wpb_wrapper\" >\n\t\t\t<p>Bir\u00e7ok fakt\u00f6re ba\u011fl\u0131 olarak de\u011fi\u015fkenlik g\u00f6steren arpa fiyatlar\u0131 \u00f6zellikle \u00fcretim miktar\u0131, arz talep dengesi, ticari politikalar ve d\u00f6viz kurlar\u0131na g\u00f6re farkl\u0131la\u015f\u0131r. <strong>Yemlik arpa fiyatlar\u0131<\/strong> da ayn\u0131 \u015fekilde tar\u0131m faaliyetleri, \u00fcr\u00fcn kalitesi, i\u015flem s\u00fcre\u00e7lerinde kullan\u0131lan y\u00f6ntemler, nakliye ve depolama masraflar\u0131, sat\u0131c\u0131 politikalar\u0131 gibi pek \u00e7ok \u00f6geye g\u00f6re de\u011fi\u015fkenlik g\u00f6stermektedir.<\/p>\n<p>Detayl\u0131 bilgi ve fiyat teklifi i\u00e7in <a href=\"https:\/\/www.instagram.com\/agrovivagida\/\" rel=\"nofollow noopener\" target=\"_blank\">sosyal medya<\/a>, <a href=\"https:\/\/www.agroviva.com.tr\/en\/iletisim\/\">ileti\u015fim formunu<\/a> doldurarak ya da telefon arac\u0131l\u0131\u011f\u0131yla bize ula\u015fabilirsiniz.<\/p>\n\n\t\t<\/div> \n\t<\/div> <div class=\"vc_empty_space  vc_empty_space_28\"   style=\"height: 30px\" ><span class=\"vc_empty_space_inner\"><\/span><\/div>\r\n<\/div><\/div><\/div><\/div><\/div><\/div><\/div><div class=\"container row_section vc_row_p_30\"><div  class=\"vc_row wpb_row vc_row-fluid vc_column-gap-30 vc_row-69f715a2d88aa224637875\"   style=' text-align:left; z-index:0;'><div class=\"row-container container-fluid\"><div class=\"row-inner\"><div class=\"wpb_column vc_column_container vc_col-sm-12 vc_column_container_69f715a2d8bfa277591365\" style=\"z-index:0\"><div class=\"vc_column-inner\"><div class=\"wpb_wrapper\"><div class=\"rdy_button_align center\"  data-animation-class=\"fadeInUp2\"><a href=\"https:\/\/www.agroviva.com.tr\/en\/teklifal\/\" class=\"rdy_button  large amination-outside animate-element dark flat-dimension button-29\" style=\"border-width: 2px!important; border-radius: 1px;-moz-border-radius: 1px;-webkit-border-radius: 1px; \" data-animation-class=\"fadeInUp2\"><span>Bilgi Al<\/span><\/a><\/div><\/div><\/div><\/div><\/div><\/div><\/div><\/div>\n<\/section>","protected":false},"excerpt":{"rendered":"Arpa, bu\u011fdaygiller familyas\u0131ndan tek y\u0131ll\u0131k di\u011fer k\u0131ymetli tah\u0131l \u00fcr\u00fcn\u00fcd\u00fcr. \u00dclkemizde iki \u00e7e\u015fidi bulunan arpa \u201cbeyaz arpa\u201d ve \u201ckara arpa\u201d olarak iki farkl\u0131 \u00e7e\u015fit ile tar\u0131m\u0131 yap\u0131lmaktad\u0131r. Yap\u0131 itibariyle protein oran\u0131 [...]","protected":false},"author":1,"featured_media":13129,"parent":0,"menu_order":0,"comment_status":"closed","ping_status":"closed","template":"","meta":{"footnotes":""},"class_list":["post-13215","page","type-page","status-publish","has-post-thumbnail","hentry"],"_links":{"self":[{"href":"https:\/\/www.agroviva.com.tr\/en\/wp-json\/wp\/v2\/pages\/13215","targetHints":{"allow":["GET"]}}],"collection":[{"href":"https:\/\/www.agroviva.com.tr\/en\/wp-json\/wp\/v2\/pages"}],"about":[{"href":"https:\/\/www.agroviva.com.tr\/en\/wp-json\/wp\/v2\/types\/page"}],"author":[{"embeddable":true,"href":"https:\/\/www.agroviva.com.tr\/en\/wp-json\/wp\/v2\/users\/1"}],"replies":[{"embeddable":true,"href":"https:\/\/www.agroviva.com.tr\/en\/wp-json\/wp\/v2\/comments?post=13215"}],"version-history":[{"count":2,"href":"https:\/\/www.agroviva.com.tr\/en\/wp-json\/wp\/v2\/pages\/13215\/revisions"}],"predecessor-version":[{"id":13476,"href":"https:\/\/www.agroviva.com.tr\/en\/wp-json\/wp\/v2\/pages\/13215\/revisions\/13476"}],"wp:featuredmedia":[{"embeddable":true,"href":"https:\/\/www.agroviva.com.tr\/en\/wp-json\/wp\/v2\/media\/13129"}],"wp:attachment":[{"href":"https:\/\/www.agroviva.com.tr\/en\/wp-json\/wp\/v2\/media?parent=13215"}],"curies":[{"name":"wp","href":"https:\/\/api.w.org\/{rel}","templated":true}]}}